{"id":6583,"date":"2023-02-20T20:19:46","date_gmt":"2023-02-20T20:19:46","guid":{"rendered":"https:\/\/adrianescarfullery.com\/rattslig-information\/"},"modified":"2026-07-21T07:36:30","modified_gmt":"2026-07-21T07:36:30","slug":"rattslig-information","status":"publish","type":"page","link":"https:\/\/adrianescarfullery.com\/sv\/rattslig-information\/","title":{"rendered":"R\u00e4ttslig information"},"content":{"rendered":"[vc_row type=&#8221;in_container&#8221; full_screen_row_position=&#8221;middle&#8221; column_margin=&#8221;default&#8221; column_direction=&#8221;default&#8221; column_direction_tablet=&#8221;default&#8221; column_direction_phone=&#8221;default&#8221; scene_position=&#8221;center&#8221; text_color=&#8221;dark&#8221; text_align=&#8221;left&#8221; row_border_radius=&#8221;none&#8221; row_border_radius_applies=&#8221;bg&#8221; overflow=&#8221;visible&#8221; overlay_strength=&#8221;0.3&#8243; gradient_direction=&#8221;left_to_right&#8221; shape_divider_position=&#8221;bottom&#8221; bg_image_animation=&#8221;none&#8221;][vc_column column_padding=&#8221;no-extra-padding&#8221; column_padding_tablet=&#8221;inherit&#8221; column_padding_phone=&#8221;inherit&#8221; column_padding_position=&#8221;all&#8221; column_element_direction_desktop=&#8221;default&#8221; column_element_spacing=&#8221;default&#8221; desktop_text_alignment=&#8221;default&#8221; tablet_text_alignment=&#8221;default&#8221; phone_text_alignment=&#8221;default&#8221; background_color_opacity=&#8221;1&#8243; background_hover_color_opacity=&#8221;1&#8243; column_backdrop_filter=&#8221;none&#8221; column_shadow=&#8221;none&#8221; column_border_radius=&#8221;none&#8221; column_link_target=&#8221;_self&#8221; column_position=&#8221;default&#8221; gradient_direction=&#8221;left_to_right&#8221; overlay_strength=&#8221;0.3&#8243; width=&#8221;1\/1&#8243; tablet_width_inherit=&#8221;default&#8221; animation_type=&#8221;default&#8221; bg_image_animation=&#8221;none&#8221; border_type=&#8221;simple&#8221; column_border_width=&#8221;none&#8221; column_border_style=&#8221;solid&#8221;][vc_column_text]<b>1. Webbplatsens \u00e4gare<\/b><\/p>\n<ul>\n<li><strong>Adriane Jimenez Escarfullery<\/strong><br \/>\n<strong>49773156y<\/strong><br \/>\n<strong>Calle Avinyo 16<\/strong><br \/>\n<strong>Palma de Mallorca<\/strong><\/li>\n<\/ul>\n<p><b>2. Integritetspolicy och skydd av personuppgifter<\/b><\/p>\n<p>2.1. Ut\u00f6vande av r\u00e4ttigheter avseende dataskydd<\/p>\n<p>Anv\u00e4ndarna kan skicka ett skriftligt meddelande till <strong>ADRIANE ESCARFULLERY:s <\/strong>adress <strong>eller <\/strong>till den e-postadress som anges i rubriken till detta r\u00e4ttsliga meddelande, och i b\u00e5da fallen bifoga en kopia av sitt ID-kort eller annan liknande identitetshandling, f\u00f6r att beg\u00e4ra att ut\u00f6va r\u00e4tten till tillg\u00e5ng, r\u00e4ttelse, radering och inv\u00e4ndning.<\/p>\n<p>2.2. \u2013 S\u00e4tt p\u00e5 vilka personuppgifter samlas in. Syften med behandlingen <\/p>\n<p>Anv\u00e4ndaren har m\u00f6jlighet att skicka sina personuppgifter i okrypterad form via standardiserade kontaktformul\u00e4r. De insamlade personuppgifterna kommer att behandlas automatiskt och inf\u00f6ras i de relevanta register som <strong>ADRIANE ESCARFULLERY \u00e4r <\/strong>registeransvarig f\u00f6r. Du kan \u00e4ven l\u00e4mna dina uppgifter till oss via telefon, e-post och andra kommunikationskanaler som anges i avsnittet \u201dKontakt\u201d. Syftet med behandlingen av dessa uppgifter \u00e4r uteslutande att tillhandah\u00e5lla den information eller de tj\u00e4nster som du beg\u00e4r av oss.   <\/p>\n<p>2.3. \u2013 Sociala medier<\/p>\n<p><strong>ADRIANE ESCARFULLERY har <\/strong>profiler p\u00e5 de viktigaste professionella sociala n\u00e4tverken p\u00e5 internet (Facebook, Twitter) och erk\u00e4nner i samtliga fall att hon \u00e4r personuppgiftsansvarig f\u00f6r uppgifterna om sina f\u00f6ljare, fans, prenumeranter, kommentatorer och andra anv\u00e4ndarprofiler (nedan kallade \u201df\u00f6ljare\u201d). Den behandling som <strong>ADRIANE ESCARFULLERY kommer <\/strong>att utf\u00f6ra av dessa uppgifter kommer h\u00f6gst att omfatta det som det sociala n\u00e4tverket till\u00e5ter f\u00f6r f\u00f6retagsprofiler. F\u00f6ljaktligen,<b> <strong>kan ADRIANE ESCARFULLERY <\/strong><\/b>informera sina f\u00f6ljare p\u00e5 alla s\u00e4tt som det sociala n\u00e4tverket till\u00e5ter om sina aktiviteter, f\u00f6redrag och erbjudanden, samt tillhandah\u00e5lla personlig kundservice. <strong>ADRIANE ESCARFULLERY kommer <\/strong>under inga omst\u00e4ndigheter <strong>att extrahera <\/strong>uppgifter fr\u00e5n de sociala n\u00e4tverken, s\u00e5vida inte anv\u00e4ndarens samtycke till detta har inh\u00e4mtats specifikt och uttryckligen. N\u00e4r, p\u00e5 grund av de sociala n\u00e4tverkens egen natur, det faktiska ut\u00f6vandet av f\u00f6ljarens r\u00e4ttigheter \u00e4r beroende av att denne \u00e4ndrar sin personliga profil, <strong>kommer ADRIANE ESCARFULLERY att hj\u00e4lpa <\/strong>och ge r\u00e5d i detta syfte i den m\u00e5n det \u00e4r m\u00f6jligt.    <\/p>\n<p>.<\/p>\n<p><b>3. Ansvar f\u00f6r inneh\u00e5llet p\u00e5 webbplatsen och bloggen<\/b><\/p>\n<p>Webbplatsen och bloggen inneh\u00e5ller texter som har utarbetats enbart i informations- eller upplysningssyfte och som inte n\u00f6dv\u00e4ndigtvis \u00e5terspeglar den aktuella lagstiftningen eller r\u00e4ttspraxis, samt avser allm\u00e4nna situationer, varf\u00f6r inneh\u00e5llet aldrig f\u00e5r till\u00e4mpas av anv\u00e4ndaren p\u00e5 konkreta fall. De \u00e5sikter som uttrycks d\u00e4r \u00e5terspeglar inte n\u00f6dv\u00e4ndigtvis <strong>ADRIANE ESCARFULLERYs <\/strong> st\u00e5ndpunkter <strong>. <\/strong> Inneh\u00e5llet i de artiklar som publiceras p\u00e5 denna webbplats och i bloggen kan under inga omst\u00e4ndigheter betraktas som en ers\u00e4ttning f\u00f6r juridisk r\u00e5dgivning. Anv\u00e4ndaren b\u00f6r inte agera p\u00e5 grundval av den information som finns p\u00e5 denna webbplats eller i bloggen utan att f\u00f6rst ha inh\u00e4mtat l\u00e4mplig professionell r\u00e5dgivning.   <\/p>\n<p><strong>ADRIANE ESCARFULLERY kommer <\/strong>, i den m\u00e5n det \u00e4r m\u00f6jligt, <strong>att se till <\/strong>att webbplatsen och bloggen fungerar korrekt, att inneh\u00e5llet \u00e4r korrekt och att det som publiceras d\u00e4r \u00e4r sanningsenligt. ADRIANE ESCARFULLERY tar dock inget ansvar f\u00f6r eventuella fel eller utel\u00e4mnanden i inneh\u00e5llet p\u00e5 webbplatsen, bloggen eller annat inneh\u00e5ll som kan n\u00e5s via dessa. Anv\u00e4ndaren befriar dessutom <strong>ADRIANE ESCARFULLERY <\/strong>fr\u00e5n ansvar <strong>f\u00f6r <\/strong>den anv\u00e4ndning som denne kan g\u00f6ra av inneh\u00e5llet p\u00e5 webbplatsen utan att f\u00f6rst ha inh\u00e4mtat n\u00f6dv\u00e4ndigt juridiskt r\u00e5d fr\u00e5n <strong>ADRIANE ESCARFULLERY. <\/strong>  <\/p>\n<p><strong>ADRIANE ESCARFULLERY kommer <\/strong>, i den m\u00e5n det \u00e4r m\u00f6jligt, <strong>att s\u00e4kerst\u00e4lla <\/strong>IT-s\u00e4kerheten f\u00f6r de tekniska enheter som anv\u00e4ndaren anv\u00e4nder vid sin navigering p\u00e5 webbplatsens sidor och i bloggen. Emellertid, eftersom internet inte kan betraktas som ett s\u00e4kert medium kan <strong>ADRIANE ESCARFULLERY inte <\/strong>garantera att det inte f\u00f6rekommer virus eller andra skadliga element, inf\u00f6rda av tredje part, som kan orsaka skador eller st\u00f6rningar i datorsystemet, i de elektroniska dokumenten eller i filerna hos den anv\u00e4ndare som bes\u00f6ker denna webbplats och bloggen. F\u00f6ljaktligen ansvarar <strong>ADRIANE ESCARFULLERY inte <\/strong>f\u00f6r de skador och f\u00f6rluster som s\u00e5dana element kan orsaka anv\u00e4ndaren eller tredje part.  <\/p>\n<p>De l\u00e4nkar som kan finnas p\u00e5 webbplatsen och bloggen kan leda anv\u00e4ndaren till andra webbplatser och webbsidor som f\u00f6rvaltas av tredje part, f\u00f6r vilka <strong>ADRIANE ESCARFULLERY inte <\/strong>b\u00e4r n\u00e5got ansvar. <strong>ADRIANE ESCARFULLERY <\/strong>ansvarar <strong>varken <\/strong>f\u00f6r inneh\u00e5llet eller tillst\u00e5ndet p\u00e5 dessa webbplatser och webbsidor, och \u00e5tkomst till dem via denna webbplats eller bloggen inneb\u00e4r inte heller att <strong>ADRIANE ESCARFULLERY rekommenderar <\/strong>eller godk\u00e4nner deras inneh\u00e5ll.<\/p>\n<p>&nbsp;<\/p>\n<p><b>4. Lagstiftning och jurisdiktion<\/b><\/p>\n<p>Dessa anv\u00e4ndarvillkor f\u00f6r webbplatsen regleras i alla avseenden av spansk lag. Det spr\u00e5k p\u00e5 vilket denna juridiska information \u00e4r avfattad och ska tolkas \u00e4r spanska. Denna juridiska information kommer inte att arkiveras separat f\u00f6r varje anv\u00e4ndare, utan kommer att vara permanent tillg\u00e4nglig via internet p\u00e5 just denna webbplats.  <\/p>\n<p>Anv\u00e4ndarna kan v\u00e4nda sig till konsumentf\u00f6rlikningssystemet f\u00f6r att l\u00f6sa eventuella tvister, konflikter eller klagom\u00e5l som h\u00e4rr\u00f6r fr\u00e5n denna text eller fr\u00e5n n\u00e5gon verksamhet som bedrivs av <strong>ADRIANE ESCARFULLERY. <\/strong> Om anv\u00e4ndaren inte \u00e4r en \u201dkonsument eller anv\u00e4ndare\u201d enligt definitionen i spansk lagstiftning, \u00e4r parterna \u00f6verens om att underkasta sig domstolarna i Palma de Mallorca, eftersom detta \u00e4r den plats d\u00e4r avtalet ingicks, och avst\u00e5r uttryckligen fr\u00e5n varje annan jurisdiktion som skulle kunna vara till\u00e4mplig. <\/p>\n[\/vc_column_text][\/vc_column][\/vc_row]\n","protected":false},"excerpt":{"rendered":"<p>[vc_row type=&#8221;in_container&#8221; full_screen_row_position=&#8221;middle&#8221; column_margin=&#8221;default&#8221; column_direction=&#8221;default&#8221; column_direction_tablet=&#8221;default&#8221; column_direction_phone=&#8221;default&#8221; scene_position=&#8221;center&#8221; text_color=&#8221;dark&#8221; text_align=&#8221;left&#8221; row_border_radius=&#8221;none&#8221; row_border_radius_applies=&#8221;bg&#8221; overflow=&#8221;visible&#8221; overlay_strength=&#8221;0.3&#8243; gradient_direction=&#8221;left_to_right&#8221; shape_divider_position=&#8221;bottom&#8221; bg_image_animation=&#8221;none&#8221;][vc_column column_padding=&#8221;no-extra-padding&#8221; column_padding_tablet=&#8221;inherit&#8221; column_padding_phone=&#8221;inherit&#8221; column_padding_position=&#8221;all&#8221; column_element_direction_desktop=&#8221;default&#8221; column_element_spacing=&#8221;default&#8221; desktop_text_alignment=&#8221;default&#8221; tablet_text_alignment=&#8221;default&#8221; phone_text_alignment=&#8221;default&#8221; background_color_opacity=&#8221;1&#8243; background_hover_color_opacity=&#8221;1&#8243; column_backdrop_filter=&#8221;none&#8221; column_shadow=&#8221;none&#8221;&#8230;<\/p>\n","protected":false},"author":1,"featured_media":0,"parent":0,"menu_order":0,"comment_status":"closed","ping_status":"closed","template":"","meta":{"om_disable_all_campaigns":false,"_monsterinsights_skip_tracking":false,"footnotes":"","_links_to":"","_links_to_target":""},"class_list":["post-6583","page","type-page","status-publish"],"jetpack_sharing_enabled":true,"_links":{"self":[{"href":"https:\/\/adrianescarfullery.com\/sv\/wp-json\/wp\/v2\/pages\/6583","targetHints":{"allow":["GET"]}}],"collection":[{"href":"https:\/\/adrianescarfullery.com\/sv\/wp-json\/wp\/v2\/pages"}],"about":[{"href":"https:\/\/adrianescarfullery.com\/sv\/wp-json\/wp\/v2\/types\/page"}],"author":[{"embeddable":true,"href":"https:\/\/adrianescarfullery.com\/sv\/wp-json\/wp\/v2\/users\/1"}],"replies":[{"embeddable":true,"href":"https:\/\/adrianescarfullery.com\/sv\/wp-json\/wp\/v2\/comments?post=6583"}],"version-history":[{"count":2,"href":"https:\/\/adrianescarfullery.com\/sv\/wp-json\/wp\/v2\/pages\/6583\/revisions"}],"predecessor-version":[{"id":6585,"href":"https:\/\/adrianescarfullery.com\/sv\/wp-json\/wp\/v2\/pages\/6583\/revisions\/6585"}],"wp:attachment":[{"href":"https:\/\/adrianescarfullery.com\/sv\/wp-json\/wp\/v2\/media?parent=6583"}],"curies":[{"name":"wp","href":"https:\/\/api.w.org\/{rel}","templated":true}]}}