{"id":6150,"date":"2023-07-26T07:16:41","date_gmt":"2023-07-26T07:16:41","guid":{"rendered":"https:\/\/adrianescarfullery.com\/kollektionen\/"},"modified":"2026-07-20T15:37:32","modified_gmt":"2026-07-20T15:37:32","slug":"kollektionen","status":"publish","type":"page","link":"https:\/\/adrianescarfullery.com\/de\/kollektionen\/","title":{"rendered":"KOLLEKTIONEN"},"content":{"rendered":"[vc_row type=&#8220;full_width_content&#8220; full_screen_row_position=&#8220;middle&#8220; column_margin=&#8220;default&#8220; equal_height=&#8220;yes&#8220; content_placement=&#8220;top&#8220; column_direction=&#8220;default&#8220; column_direction_tablet=&#8220;default&#8220; column_direction_phone=&#8220;default&#8220; scene_position=&#8220;center&#8220; text_color=&#8220;dark&#8220; text_align=&#8220;left&#8220; row_border_radius=&#8220;none&#8220; row_border_radius_applies=&#8220;bg&#8220; overflow=&#8220;visible&#8220; overlay_strength=&#8220;0.3&#8243; gradient_direction=&#8220;left_to_right&#8220; shape_divider_position=&#8220;bottom&#8220; bg_image_animation=&#8220;none&#8220; gradient_type=&#8220;default&#8220; shape_type=&#8220;&#8220;][vc_column column_padding=&#8220;padding-5-percent&#8220; column_padding_tablet=&#8220;inherit&#8220; column_padding_phone=&#8220;inherit&#8220; column_padding_position=&#8220;all&#8220; column_element_direction_desktop=&#8220;default&#8220; column_element_spacing=&#8220;default&#8220; desktop_text_alignment=&#8220;default&#8220; tablet_text_alignment=&#8220;default&#8220; phone_text_alignment=&#8220;default&#8220; background_color=&#8220;#254345&#8243; background_color_opacity=&#8220;1&#8243; background_hover_color_opacity=&#8220;1&#8243; column_backdrop_filter=&#8220;none&#8220; column_shadow=&#8220;none&#8220; column_border_radius=&#8220;none&#8220; column_link_target=&#8220;_self&#8220; column_position=&#8220;default&#8220; gradient_direction=&#8220;left_to_right&#8220; overlay_strength=&#8220;0.3&#8243; width=&#8220;1\/2&#8243; tablet_width_inherit=&#8220;default&#8220; animation_type=&#8220;default&#8220; bg_image_animation=&#8220;none&#8220; border_type=&#8220;simple&#8220; column_border_width=&#8220;none&#8220; column_border_style=&#8220;solid&#8220; column_padding_type=&#8220;default&#8220; gradient_type=&#8220;default&#8220;][vc_row_inner column_margin=&#8220;default&#8220; column_direction=&#8220;default&#8220; column_direction_tablet=&#8220;default&#8220; column_direction_phone=&#8220;default&#8220; text_align=&#8220;left&#8220; row_position=&#8220;default&#8220; row_position_tablet=&#8220;inherit&#8220; row_position_phone=&#8220;inherit&#8220; overflow=&#8220;visible&#8220; pointer_events=&#8220;all&#8220;][vc_column_inner column_padding=&#8220;no-extra-padding&#8220; column_padding_tablet=&#8220;inherit&#8220; column_padding_phone=&#8220;inherit&#8220; column_padding_position=&#8220;all&#8220; column_element_direction_desktop=&#8220;default&#8220; column_element_spacing=&#8220;default&#8220; desktop_text_alignment=&#8220;default&#8220; tablet_text_alignment=&#8220;default&#8220; phone_text_alignment=&#8220;default&#8220; background_color_opacity=&#8220;1&#8243; background_hover_color_opacity=&#8220;1&#8243; column_backdrop_filter=&#8220;none&#8220; column_shadow=&#8220;none&#8220; column_border_radius=&#8220;none&#8220; column_link_target=&#8220;_self&#8220; overflow=&#8220;visible&#8220; gradient_direction=&#8220;left_to_right&#8220; overlay_strength=&#8220;0.3&#8243; width=&#8220;1\/1&#8243; tablet_width_inherit=&#8220;default&#8220; animation_type=&#8220;default&#8220; enable_animation=&#8220;true&#8220; animation=&#8220;fade-in-from-bottom&#8220; animation_easing=&#8220;default&#8220; bg_image_animation=&#8220;none&#8220; border_type=&#8220;simple&#8220; column_border_width=&#8220;none&#8220; column_border_style=&#8220;solid&#8220;][divider line_type=&#8220;No Line&#8220; custom_height_phone=&#8220;75&#8243;][vc_column_text]\n<h4 style=\"text-align: left;\"><span class=\"eyebrow\" style=\"color: #b79a5b;\">Seit 2020 \u00b7 Palma de Mallorca<\/span><\/h4>\n[\/vc_column_text][vc_column_text]\n<h1 style=\"text-align: left;\"><span style=\"color: #d4d0c6;\">KOLLEKTIONEN<\/span><\/h1>\n<div class=\"cols\"><\/div>\n[\/vc_column_text][vc_column_text]\n<header class=\"phead\">\n<h4><span style=\"color: #d4d0c6;\">Sessel, St\u00fchle, Hocker, Sofas, Tische und Designerst\u00fccke. Jedes St\u00fcck wird auf Bestellung und nach Ma\u00df gefertigt \u2013 von der Holzart \u00fcber die Oberfl\u00e4chenbehandlung bis hin zur Polsterung. St\u00f6bern Sie im Katalog und entdecken Sie das M\u00f6belst\u00fcck, das perfekt zu Ihrem Raum passt.  <\/span><\/h4>\n<\/header>\n<div id=\"filters\" class=\"filters\"><\/div>\n<h4 style=\"text-align: left;\"><\/h4>\n[\/vc_column_text][\/vc_column_inner][\/vc_row_inner][\/vc_column][vc_column column_padding=&#8220;no-extra-padding&#8220; column_padding_tablet=&#8220;inherit&#8220; column_padding_phone=&#8220;inherit&#8220; column_padding_position=&#8220;all&#8220; column_element_direction_desktop=&#8220;default&#8220; column_element_spacing=&#8220;default&#8220; desktop_text_alignment=&#8220;default&#8220; tablet_text_alignment=&#8220;default&#8220; phone_text_alignment=&#8220;default&#8220; background_color=&#8220;#254345&#8243; background_color_opacity=&#8220;1&#8243; background_hover_color_opacity=&#8220;1&#8243; column_backdrop_filter=&#8220;none&#8220; column_shadow=&#8220;none&#8220; column_border_radius=&#8220;none&#8220; column_link_target=&#8220;_self&#8220; column_position=&#8220;default&#8220; gradient_direction=&#8220;left_to_right&#8220; overlay_strength=&#8220;0.3&#8243; width=&#8220;1\/2&#8243; tablet_width_inherit=&#8220;default&#8220; animation_type=&#8220;default&#8220; bg_image_animation=&#8220;none&#8220; border_type=&#8220;simple&#8220; column_border_width=&#8220;none&#8220; column_border_style=&#8220;solid&#8220; column_padding_type=&#8220;default&#8220; gradient_type=&#8220;default&#8220;][image_with_animation image_url=&#8220;5395&#8243; image_size=&#8220;full&#8220; animation_type=&#8220;entrance&#8220; animation=&#8220;None&#8220; animation_movement_type=&#8220;transform_y&#8220; hover_animation=&#8220;none&#8220; alignment=&#8220;&#8220; border_radius=&#8220;none&#8220; box_shadow=&#8220;none&#8220; image_loading=&#8220;default&#8220; max_width=&#8220;100%&#8220; max_width_mobile=&#8220;default&#8220;][\/vc_column][\/vc_row][vc_row type=&#8220;full_width_content&#8220; full_screen_row_position=&#8220;middle&#8220; column_margin=&#8220;default&#8220; equal_height=&#8220;yes&#8220; content_placement=&#8220;top&#8220; column_direction=&#8220;default&#8220; column_direction_tablet=&#8220;default&#8220; column_direction_phone=&#8220;default&#8220; scene_position=&#8220;center&#8220; text_color=&#8220;dark&#8220; text_align=&#8220;left&#8220; row_border_radius=&#8220;none&#8220; row_border_radius_applies=&#8220;bg&#8220; overflow=&#8220;visible&#8220; overlay_strength=&#8220;0.3&#8243; gradient_direction=&#8220;left_to_right&#8220; shape_divider_position=&#8220;bottom&#8220; bg_image_animation=&#8220;none&#8220; gradient_type=&#8220;default&#8220; shape_type=&#8220;&#8220;][vc_column column_padding=&#8220;padding-5-percent&#8220; column_padding_tablet=&#8220;inherit&#8220; column_padding_phone=&#8220;inherit&#8220; column_padding_position=&#8220;all&#8220; column_element_direction_desktop=&#8220;default&#8220; column_element_spacing=&#8220;default&#8220; desktop_text_alignment=&#8220;default&#8220; tablet_text_alignment=&#8220;default&#8220; phone_text_alignment=&#8220;default&#8220; background_color=&#8220;#d4d0c6&#8243; background_color_opacity=&#8220;1&#8243; background_hover_color_opacity=&#8220;1&#8243; column_backdrop_filter=&#8220;none&#8220; column_shadow=&#8220;none&#8220; column_border_radius=&#8220;none&#8220; column_link_target=&#8220;_self&#8220; column_position=&#8220;default&#8220; gradient_direction=&#8220;left_to_right&#8220; overlay_strength=&#8220;0.3&#8243; width=&#8220;1\/2&#8243; tablet_width_inherit=&#8220;default&#8220; animation_type=&#8220;default&#8220; bg_image_animation=&#8220;none&#8220; border_type=&#8220;simple&#8220; column_border_width=&#8220;none&#8220; column_border_style=&#8220;solid&#8220; column_padding_type=&#8220;default&#8220; gradient_type=&#8220;default&#8220;][divider line_type=&#8220;No Line&#8220; custom_height=&#8220;100&#8243;][vc_column_text css_animation=&#8220;none&#8220;]\n<h4>Dies ist das Ergebnis unserer Inspiration, unserer Begeisterung und unseres Engagements. Eine Kollektion aus Texturen und Materialien, aus Symbolik und geometrischen Formen, aus Farbt\u00f6nen und Designs auf der Suche nach Ausgewogenheit, Integration und Respekt vor der Umwelt. Damit Sie im Alltag ebenso viel Freude daran haben wie wir bei ihrer Entstehung.  <\/h4>\n[\/vc_column_text][divider line_type=&#8220;No Line&#8220; custom_height=&#8220;100&#8243;][\/vc_column][vc_column column_padding=&#8220;no-extra-padding&#8220; column_padding_tablet=&#8220;inherit&#8220; column_padding_phone=&#8220;inherit&#8220; column_padding_position=&#8220;all&#8220; column_element_direction_desktop=&#8220;default&#8220; column_element_spacing=&#8220;default&#8220; desktop_text_alignment=&#8220;default&#8220; tablet_text_alignment=&#8220;default&#8220; phone_text_alignment=&#8220;default&#8220; background_color=&#8220;#d4d0c6&#8243; background_color_opacity=&#8220;1&#8243; background_hover_color_opacity=&#8220;1&#8243; column_backdrop_filter=&#8220;none&#8220; column_shadow=&#8220;none&#8220; column_border_radius=&#8220;none&#8220; column_link_target=&#8220;_self&#8220; column_position=&#8220;default&#8220; gradient_direction=&#8220;left_to_right&#8220; overlay_strength=&#8220;0.3&#8243; width=&#8220;1\/2&#8243; tablet_width_inherit=&#8220;default&#8220; animation_type=&#8220;default&#8220; bg_image_animation=&#8220;none&#8220; border_type=&#8220;simple&#8220; column_border_width=&#8220;none&#8220; column_border_style=&#8220;solid&#8220; column_padding_type=&#8220;default&#8220; gradient_type=&#8220;default&#8220;][\/vc_column][\/vc_row][vc_row type=&#8220;full_width_content&#8220; full_screen_row_position=&#8220;middle&#8220; column_margin=&#8220;20px&#8220; column_direction=&#8220;default&#8220; column_direction_tablet=&#8220;default&#8220; column_direction_phone=&#8220;default&#8220; bg_color=&#8220;#d4d0c6&#8243; scene_position=&#8220;center&#8220; top_padding=&#8220;1&#8243; text_color=&#8220;dark&#8220; text_align=&#8220;center&#8220; row_border_radius=&#8220;none&#8220; row_border_radius_applies=&#8220;bg&#8220; overflow=&#8220;visible&#8220; advanced_gradient_angle=&#8220;0&#8243; overlay_strength=&#8220;0.3&#8243; gradient_direction=&#8220;left_to_right&#8220; shape_divider_position=&#8220;bottom&#8220; bg_image_animation=&#8220;none&#8220; shape_type=&#8220;&#8220; gradient_type=&#8220;default&#8220;][vc_column column_padding=&#8220;no-extra-padding&#8220; column_padding_tablet=&#8220;inherit&#8220; column_padding_phone=&#8220;inherit&#8220; column_padding_position=&#8220;all&#8220; column_element_direction_desktop=&#8220;default&#8220; column_element_spacing=&#8220;default&#8220; desktop_text_alignment=&#8220;default&#8220; tablet_text_alignment=&#8220;default&#8220; phone_text_alignment=&#8220;default&#8220; background_color_opacity=&#8220;1&#8243; background_hover_color_opacity=&#8220;1&#8243; column_backdrop_filter=&#8220;none&#8220; column_shadow=&#8220;none&#8220; column_border_radius=&#8220;none&#8220; column_link_target=&#8220;_self&#8220; column_position=&#8220;default&#8220; advanced_gradient_angle=&#8220;0&#8243; gradient_direction=&#8220;left_to_right&#8220; overlay_strength=&#8220;0.3&#8243; width=&#8220;1\/1&#8243; tablet_width_inherit=&#8220;default&#8220; animation_type=&#8220;default&#8220; bg_image_animation=&#8220;none&#8220; border_type=&#8220;simple&#8220; column_border_width=&#8220;none&#8220; column_border_style=&#8220;solid&#8220; gradient_type=&#8220;default&#8220; column_padding_type=&#8220;default&#8220;][divider line_type=&#8220;Small Line&#8220; line_alignment=&#8220;default&#8220; line_thickness=&#8220;1&#8243; divider_color=&#8220;default&#8220; custom_height=&#8220;100&#8243;][vc_column_text]\n<h4 style=\"text-align: left;\"><span class=\"eyebrow\" style=\"color: #b79a5b;\">01<\/span><\/h4>\n[\/vc_column_text][vc_column_text css_animation=&#8220;none&#8220;]\n<h4 style=\"text-align: left;\">SESSEL<\/h4>\n[\/vc_column_text]\t\t\t\t\n\t\t\t\t\n\t\t\t\t\n\t\t\t\t<div class=\"portfolio-wrap \">\n\t\t\t\t\t\n\t\t\t\t\t\t\t\t\t\t\n\t\t\t\t\t<span class=\"portfolio-loading  none\">   <\/span>\n\t\t\t\t\t\n\t\t\t\t\t\t\t\t\t\t\n\t\t\t\t\t<div class=\"row portfolio-items no-masonry  fullwidth-constrained  \" data-rcp=\"false\" data-masonry-type=\"default\" data-ps=\"2\" data-starting-filter=\"\" data-gutter=\"1px\" data-categories-to-show=\"butaca\" data-bypass-cropping=\"true\" data-lightbox-only=\"0\" data-col-num=\"elastic\">\n\t\t\t\t\t\t\t\t\t\t\t\t\n\t\t\t\t\t\t\t\t\t\t\t\t\n\t\t\t\t\t\t<div class=\"col elastic-portfolio-item  element sessel alle \"  data-project-cat=\"sessel alle \" data-default-color=\"true\" data-title-color=\"\" data-subtitle-color=\"\">\n\t\t\t\t\t\t\t\n\t\t\t\t\t\t\t<div class=\"inner-wrap animated\" data-animation=\"none\">\n\t\t\t\t\t\t\t\t\n\t\t\t\t\t\t\t\t\t\t\t\t\t\t\t\t\t\n\t\t\t\t\t\t\t\t\t<div class=\"work-item style-2\" data-custom-content=\"off\">\n\t\t\t\t\t\t\t\t\t\t\n\t\t\t\t\t\t\t\t\t\t<img loading=\"lazy\" decoding=\"async\" class=\"size- skip-lazy\" src=\"https:\/\/adrianescarfullery.com\/wp-content\/uploads\/2026\/06\/GORO-PORTADA-1.jpg\" alt=\"Butaca Goro de nogal con cojines de cuero marr\u00f3n acanalado en un interior de muros de barro y suelo de cemento.\" height=\"403\" width=\"600\" srcset=\"https:\/\/adrianescarfullery.com\/wp-content\/uploads\/2026\/06\/GORO-PORTADA-1.jpg 1247w, https:\/\/adrianescarfullery.com\/wp-content\/uploads\/2026\/06\/GORO-PORTADA-1-286x300.jpg 286w, https:\/\/adrianescarfullery.com\/wp-content\/uploads\/2026\/06\/GORO-PORTADA-1-977x1024.jpg 977w, https:\/\/adrianescarfullery.com\/wp-content\/uploads\/2026\/06\/GORO-PORTADA-1-768x805.jpg 768w, https:\/\/adrianescarfullery.com\/wp-content\/uploads\/2026\/06\/GORO-PORTADA-1-600x629.jpg 600w\"  \/>\t\t\t\t\t\t\t\t\t\t\n\t\t\t\t\t\t\t\t\t\t<div class=\"work-info-bg\"><\/div>\n\t\t\t\t\t\t\t\t\t\t<div class=\"work-info\">\n\t\t\t\t\t\t\t\t\t\t\t\n\t\t\t\t\t\t\t\t\t\t\t\t\t\t\t\t\t\t\t\t\t\t\t\n\t\t\t\t\t\t\t\t\t\t\t\t\n\t\t\t\t\t\t\t\t\t\t\t\t\t\t\t\t\t\t\t\t\t\t\t\t\t\n\t\t\t\t\t\t\t\t\t\t\t\t\t<a href=\"https:\/\/adrianescarfullery.com\/de\/portfolio\/sessel-goro-2\/\"><\/a>\n\t\t\t\t\t\t\t\t\t\t\t\t\t\n\t\t\t\t\t\t\t\t\t\t\t\t\t\t\t\t\t\t\t\t\t\t\t\n\t\t\t\t\t\t\t\t\t\t\t\n\t\t\t\t\t\t\t\t\t\t\t<div class=\"vert-center\">\n\t\t\t\t\t\t\t\t\t\t\t\t\t\n\t\t\t\t\t\t\t\t\t\t\t\t\t<h3>SESSEL GORO<\/h3> \n\t\t\t\t\t\t\t\t\t\t\t\t\t\t\t\t\t\t\t\t\t\t\t\t<\/div><!--\/vert-center-->\n\t\t\t\t\t\t\t\t\t\t\t\n\t\t\t\t\t\t\t\t\t\t<\/div>\n\t\t\t\t\t\t\t\t\t<\/div><!--work-item-->\n\t\t\t\t\t\t\t\t\t\n\t\t\t\t\t\t\t\t\t\t\t\t\t\t\t\t\n\t\t\t\t\t\t\t\t\n\t\t\t\t\t\t\t<\/div><!--\/inner-wrap-->\n\t\t\t\t\t\t<\/div><!--\/col-->\n\t\t\t\t\t\t\n\t\t\t\t\t\t\t\t\t\t\t\n\t\t\t\t\t\t\t\t\t\t\t\t\n\t\t\t\t\t\t<div class=\"col elastic-portfolio-item  element sessel alle \"  data-project-cat=\"sessel alle \" data-default-color=\"true\" data-title-color=\"\" data-subtitle-color=\"\">\n\t\t\t\t\t\t\t\n\t\t\t\t\t\t\t<div class=\"inner-wrap animated\" data-animation=\"none\">\n\t\t\t\t\t\t\t\t\n\t\t\t\t\t\t\t\t\t\t\t\t\t\t\t\t\t\n\t\t\t\t\t\t\t\t\t<div class=\"work-item style-2\" data-custom-content=\"\">\n\t\t\t\t\t\t\t\t\t\t\n\t\t\t\t\t\t\t\t\t\t<img loading=\"lazy\" decoding=\"async\" class=\"size- skip-lazy\" src=\"https:\/\/adrianescarfullery.com\/wp-content\/uploads\/2026\/07\/MORE-PORTADA.jpg\" alt=\"Butaca More de cuero negro con estructura y reposabrazos de nogal macizo, asiento tipo sling.\" height=\"403\" width=\"600\" srcset=\"https:\/\/adrianescarfullery.com\/wp-content\/uploads\/2026\/07\/MORE-PORTADA.jpg 1247w, https:\/\/adrianescarfullery.com\/wp-content\/uploads\/2026\/07\/MORE-PORTADA-286x300.jpg 286w, https:\/\/adrianescarfullery.com\/wp-content\/uploads\/2026\/07\/MORE-PORTADA-977x1024.jpg 977w, https:\/\/adrianescarfullery.com\/wp-content\/uploads\/2026\/07\/MORE-PORTADA-768x805.jpg 768w, https:\/\/adrianescarfullery.com\/wp-content\/uploads\/2026\/07\/MORE-PORTADA-600x629.jpg 600w\"  \/>\t\t\t\t\t\t\t\t\t\t\n\t\t\t\t\t\t\t\t\t\t<div class=\"work-info-bg\"><\/div>\n\t\t\t\t\t\t\t\t\t\t<div class=\"work-info\">\n\t\t\t\t\t\t\t\t\t\t\t\n\t\t\t\t\t\t\t\t\t\t\t\t\t\t\t\t\t\t\t\t\t\t\t\n\t\t\t\t\t\t\t\t\t\t\t\t\n\t\t\t\t\t\t\t\t\t\t\t\t\t\t\t\t\t\t\t\t\t\t\t\t\t\n\t\t\t\t\t\t\t\t\t\t\t\t\t<a href=\"https:\/\/adrianescarfullery.com\/de\/portfolio\/sessel-more\/\"><\/a>\n\t\t\t\t\t\t\t\t\t\t\t\t\t\n\t\t\t\t\t\t\t\t\t\t\t\t\t\t\t\t\t\t\t\t\t\t\t\n\t\t\t\t\t\t\t\t\t\t\t\n\t\t\t\t\t\t\t\t\t\t\t<div class=\"vert-center\">\n\t\t\t\t\t\t\t\t\t\t\t\t\t\n\t\t\t\t\t\t\t\t\t\t\t\t\t<h3>SESSEL MORE<\/h3> \n\t\t\t\t\t\t\t\t\t\t\t\t\t\t\t\t\t\t\t\t\t\t\t\t<\/div><!--\/vert-center-->\n\t\t\t\t\t\t\t\t\t\t\t\n\t\t\t\t\t\t\t\t\t\t<\/div>\n\t\t\t\t\t\t\t\t\t<\/div><!--work-item-->\n\t\t\t\t\t\t\t\t\t\n\t\t\t\t\t\t\t\t\t\t\t\t\t\t\t\t\n\t\t\t\t\t\t\t\t\n\t\t\t\t\t\t\t<\/div><!--\/inner-wrap-->\n\t\t\t\t\t\t<\/div><!--\/col-->\n\t\t\t\t\t\t\n\t\t\t\t\t\t\t\t\t\t\t\n\t\t\t\t\t\t\t\t\t\t\t\t\n\t\t\t\t\t\t<div class=\"col elastic-portfolio-item  element sessel alle \"  data-project-cat=\"sessel alle \" data-default-color=\"true\" data-title-color=\"\" data-subtitle-color=\"\">\n\t\t\t\t\t\t\t\n\t\t\t\t\t\t\t<div class=\"inner-wrap animated\" data-animation=\"none\">\n\t\t\t\t\t\t\t\t\n\t\t\t\t\t\t\t\t\t\t\t\t\t\t\t\t\t\n\t\t\t\t\t\t\t\t\t<div class=\"work-item style-2\" data-custom-content=\"\">\n\t\t\t\t\t\t\t\t\t\t\n\t\t\t\t\t\t\t\t\t\t<img loading=\"lazy\" decoding=\"async\" class=\"size- skip-lazy\" src=\"https:\/\/adrianescarfullery.com\/wp-content\/uploads\/2026\/07\/LIBU-PORTADA.jpg\" alt=\"Sill\u00f3n lounge Libu de l\u00edneas geom\u00e9tricas lacado en topo con cojines verde oliva.\" height=\"403\" width=\"600\" srcset=\"https:\/\/adrianescarfullery.com\/wp-content\/uploads\/2026\/07\/LIBU-PORTADA.jpg 1247w, https:\/\/adrianescarfullery.com\/wp-content\/uploads\/2026\/07\/LIBU-PORTADA-286x300.jpg 286w, https:\/\/adrianescarfullery.com\/wp-content\/uploads\/2026\/07\/LIBU-PORTADA-977x1024.jpg 977w, https:\/\/adrianescarfullery.com\/wp-content\/uploads\/2026\/07\/LIBU-PORTADA-768x805.jpg 768w, https:\/\/adrianescarfullery.com\/wp-content\/uploads\/2026\/07\/LIBU-PORTADA-600x629.jpg 600w\"  \/>\t\t\t\t\t\t\t\t\t\t\n\t\t\t\t\t\t\t\t\t\t<div class=\"work-info-bg\"><\/div>\n\t\t\t\t\t\t\t\t\t\t<div class=\"work-info\">\n\t\t\t\t\t\t\t\t\t\t\t\n\t\t\t\t\t\t\t\t\t\t\t\t\t\t\t\t\t\t\t\t\t\t\t\n\t\t\t\t\t\t\t\t\t\t\t\t\n\t\t\t\t\t\t\t\t\t\t\t\t\t\t\t\t\t\t\t\t\t\t\t\t\t\n\t\t\t\t\t\t\t\t\t\t\t\t\t<a href=\"https:\/\/adrianescarfullery.com\/de\/portfolio\/libu-sessel\/\"><\/a>\n\t\t\t\t\t\t\t\t\t\t\t\t\t\n\t\t\t\t\t\t\t\t\t\t\t\t\t\t\t\t\t\t\t\t\t\t\t\n\t\t\t\t\t\t\t\t\t\t\t\n\t\t\t\t\t\t\t\t\t\t\t<div class=\"vert-center\">\n\t\t\t\t\t\t\t\t\t\t\t\t\t\n\t\t\t\t\t\t\t\t\t\t\t\t\t<h3>LIBU-SESSEL<\/h3> \n\t\t\t\t\t\t\t\t\t\t\t\t\t\t\t\t\t\t\t\t\t\t\t\t<\/div><!--\/vert-center-->\n\t\t\t\t\t\t\t\t\t\t\t\n\t\t\t\t\t\t\t\t\t\t<\/div>\n\t\t\t\t\t\t\t\t\t<\/div><!--work-item-->\n\t\t\t\t\t\t\t\t\t\n\t\t\t\t\t\t\t\t\t\t\t\t\t\t\t\t\n\t\t\t\t\t\t\t\t\n\t\t\t\t\t\t\t<\/div><!--\/inner-wrap-->\n\t\t\t\t\t\t<\/div><!--\/col-->\n\t\t\t\t\t\t\n\t\t\t\t\t\t\t\t\t\t\t\n\t\t\t\t\t\t\t\t\t\t\t\t\n\t\t\t\t\t\t<div class=\"col elastic-portfolio-item  element sessel alle sofas \"  data-project-cat=\"sessel alle sofas \" data-default-color=\"true\" data-title-color=\"\" data-subtitle-color=\"\">\n\t\t\t\t\t\t\t\n\t\t\t\t\t\t\t<div class=\"inner-wrap animated\" data-animation=\"none\">\n\t\t\t\t\t\t\t\t\n\t\t\t\t\t\t\t\t\t\t\t\t\t\t\t\t\t\n\t\t\t\t\t\t\t\t\t<div class=\"work-item style-2\" data-custom-content=\"\">\n\t\t\t\t\t\t\t\t\t\t\n\t\t\t\t\t\t\t\t\t\t<img loading=\"lazy\" decoding=\"async\" class=\"size- skip-lazy\" src=\"https:\/\/adrianescarfullery.com\/wp-content\/uploads\/2026\/07\/DEEP-BLUE-PORTADA.jpg\" alt=\"Butaca Deep Blue tapizada en cuero co\u00f1ac con estructura de madera y coj\u00edn a juego.\" height=\"403\" width=\"600\" srcset=\"https:\/\/adrianescarfullery.com\/wp-content\/uploads\/2026\/07\/DEEP-BLUE-PORTADA.jpg 1247w, https:\/\/adrianescarfullery.com\/wp-content\/uploads\/2026\/07\/DEEP-BLUE-PORTADA-286x300.jpg 286w, https:\/\/adrianescarfullery.com\/wp-content\/uploads\/2026\/07\/DEEP-BLUE-PORTADA-977x1024.jpg 977w, https:\/\/adrianescarfullery.com\/wp-content\/uploads\/2026\/07\/DEEP-BLUE-PORTADA-768x805.jpg 768w, https:\/\/adrianescarfullery.com\/wp-content\/uploads\/2026\/07\/DEEP-BLUE-PORTADA-600x629.jpg 600w\"  \/>\t\t\t\t\t\t\t\t\t\t\n\t\t\t\t\t\t\t\t\t\t<div class=\"work-info-bg\"><\/div>\n\t\t\t\t\t\t\t\t\t\t<div class=\"work-info\">\n\t\t\t\t\t\t\t\t\t\t\t\n\t\t\t\t\t\t\t\t\t\t\t\t\t\t\t\t\t\t\t\t\t\t\t\n\t\t\t\t\t\t\t\t\t\t\t\t\n\t\t\t\t\t\t\t\t\t\t\t\t\t\t\t\t\t\t\t\t\t\t\t\t\t\n\t\t\t\t\t\t\t\t\t\t\t\t\t<a href=\"https:\/\/adrianescarfullery.com\/de\/portfolio\/sofa-deep-blue\/\"><\/a>\n\t\t\t\t\t\t\t\t\t\t\t\t\t\n\t\t\t\t\t\t\t\t\t\t\t\t\t\t\t\t\t\t\t\t\t\t\t\n\t\t\t\t\t\t\t\t\t\t\t\n\t\t\t\t\t\t\t\t\t\t\t<div class=\"vert-center\">\n\t\t\t\t\t\t\t\t\t\t\t\t\t\n\t\t\t\t\t\t\t\t\t\t\t\t\t<h3>SOFA DEEP BLUE<\/h3> \n\t\t\t\t\t\t\t\t\t\t\t\t\t\t\t\t\t\t\t\t\t\t\t\t<\/div><!--\/vert-center-->\n\t\t\t\t\t\t\t\t\t\t\t\n\t\t\t\t\t\t\t\t\t\t<\/div>\n\t\t\t\t\t\t\t\t\t<\/div><!--work-item-->\n\t\t\t\t\t\t\t\t\t\n\t\t\t\t\t\t\t\t\t\t\t\t\t\t\t\t\n\t\t\t\t\t\t\t\t\n\t\t\t\t\t\t\t<\/div><!--\/inner-wrap-->\n\t\t\t\t\t\t<\/div><!--\/col-->\n\t\t\t\t\t\t\n\t\t\t\t\t\t\t\t\t\t\t\n\t\t\t\t\t\t\t\t\t\t\t\t\n\t\t\t\t\t\t<div class=\"col elastic-portfolio-item  element sessel alle \"  data-project-cat=\"sessel alle \" data-default-color=\"true\" data-title-color=\"\" data-subtitle-color=\"\">\n\t\t\t\t\t\t\t\n\t\t\t\t\t\t\t<div class=\"inner-wrap animated\" data-animation=\"none\">\n\t\t\t\t\t\t\t\t\n\t\t\t\t\t\t\t\t\t\t\t\t\t\t\t\t\t\n\t\t\t\t\t\t\t\t\t<div class=\"work-item style-2\" data-custom-content=\"\">\n\t\t\t\t\t\t\t\t\t\t\n\t\t\t\t\t\t\t\t\t\t<img loading=\"lazy\" decoding=\"async\" class=\"size- skip-lazy\" src=\"https:\/\/adrianescarfullery.com\/wp-content\/uploads\/2026\/07\/EL-AVIADOR-PORTADA.jpg\" alt=\"Butaca El Aviador de madera negra con respaldo de cuero y asiento de cuerda tejida natural.\" height=\"403\" width=\"600\" srcset=\"https:\/\/adrianescarfullery.com\/wp-content\/uploads\/2026\/07\/EL-AVIADOR-PORTADA.jpg 1247w, https:\/\/adrianescarfullery.com\/wp-content\/uploads\/2026\/07\/EL-AVIADOR-PORTADA-286x300.jpg 286w, https:\/\/adrianescarfullery.com\/wp-content\/uploads\/2026\/07\/EL-AVIADOR-PORTADA-977x1024.jpg 977w, https:\/\/adrianescarfullery.com\/wp-content\/uploads\/2026\/07\/EL-AVIADOR-PORTADA-768x805.jpg 768w, https:\/\/adrianescarfullery.com\/wp-content\/uploads\/2026\/07\/EL-AVIADOR-PORTADA-600x629.jpg 600w\"  \/>\t\t\t\t\t\t\t\t\t\t\n\t\t\t\t\t\t\t\t\t\t<div class=\"work-info-bg\"><\/div>\n\t\t\t\t\t\t\t\t\t\t<div class=\"work-info\">\n\t\t\t\t\t\t\t\t\t\t\t\n\t\t\t\t\t\t\t\t\t\t\t\t\t\t\t\t\t\t\t\t\t\t\t\n\t\t\t\t\t\t\t\t\t\t\t\t\n\t\t\t\t\t\t\t\t\t\t\t\t\t\t\t\t\t\t\t\t\t\t\t\t\t\n\t\t\t\t\t\t\t\t\t\t\t\t\t<a href=\"https:\/\/adrianescarfullery.com\/de\/portfolio\/sessel-el-aviador\/\"><\/a>\n\t\t\t\t\t\t\t\t\t\t\t\t\t\n\t\t\t\t\t\t\t\t\t\t\t\t\t\t\t\t\t\t\t\t\t\t\t\n\t\t\t\t\t\t\t\t\t\t\t\n\t\t\t\t\t\t\t\t\t\t\t<div class=\"vert-center\">\n\t\t\t\t\t\t\t\t\t\t\t\t\t\n\t\t\t\t\t\t\t\t\t\t\t\t\t<h3>SESSEL \u201eEL AVIADOR\u201c<\/h3> \n\t\t\t\t\t\t\t\t\t\t\t\t\t\t\t\t\t\t\t\t\t\t\t\t<\/div><!--\/vert-center-->\n\t\t\t\t\t\t\t\t\t\t\t\n\t\t\t\t\t\t\t\t\t\t<\/div>\n\t\t\t\t\t\t\t\t\t<\/div><!--work-item-->\n\t\t\t\t\t\t\t\t\t\n\t\t\t\t\t\t\t\t\t\t\t\t\t\t\t\t\n\t\t\t\t\t\t\t\t\n\t\t\t\t\t\t\t<\/div><!--\/inner-wrap-->\n\t\t\t\t\t\t<\/div><!--\/col-->\n\t\t\t\t\t\t\n\t\t\t\t\t\t\t\t\t\t\t\n\t\t\t\t\t\t\t\t\t\t\t\t\n\t\t\t\t\t\t<div class=\"col elastic-portfolio-item  element sessel alle \"  data-project-cat=\"sessel alle \" data-default-color=\"true\" data-title-color=\"\" data-subtitle-color=\"\">\n\t\t\t\t\t\t\t\n\t\t\t\t\t\t\t<div class=\"inner-wrap animated\" data-animation=\"none\">\n\t\t\t\t\t\t\t\t\n\t\t\t\t\t\t\t\t\t\t\t\t\t\t\t\t\t\n\t\t\t\t\t\t\t\t\t<div class=\"work-item style-2\" data-custom-content=\"\">\n\t\t\t\t\t\t\t\t\t\t\n\t\t\t\t\t\t\t\t\t\t<img loading=\"lazy\" decoding=\"async\" class=\"size- skip-lazy\" src=\"https:\/\/adrianescarfullery.com\/wp-content\/uploads\/2026\/05\/MOLOCK.jpg\" alt=\"Butaca lounge Morlock de fresno con asiento y respaldo de cuero natural y correas.\" height=\"403\" width=\"600\" srcset=\"https:\/\/adrianescarfullery.com\/wp-content\/uploads\/2026\/05\/MOLOCK.jpg 1247w, https:\/\/adrianescarfullery.com\/wp-content\/uploads\/2026\/05\/MOLOCK-286x300.jpg 286w, https:\/\/adrianescarfullery.com\/wp-content\/uploads\/2026\/05\/MOLOCK-977x1024.jpg 977w, https:\/\/adrianescarfullery.com\/wp-content\/uploads\/2026\/05\/MOLOCK-768x805.jpg 768w, https:\/\/adrianescarfullery.com\/wp-content\/uploads\/2026\/05\/MOLOCK-600x629.jpg 600w\"  \/>\t\t\t\t\t\t\t\t\t\t\n\t\t\t\t\t\t\t\t\t\t<div class=\"work-info-bg\"><\/div>\n\t\t\t\t\t\t\t\t\t\t<div class=\"work-info\">\n\t\t\t\t\t\t\t\t\t\t\t\n\t\t\t\t\t\t\t\t\t\t\t\t\t\t\t\t\t\t\t\t\t\t\t\n\t\t\t\t\t\t\t\t\t\t\t\t\n\t\t\t\t\t\t\t\t\t\t\t\t\t\t\t\t\t\t\t\t\t\t\t\t\t\n\t\t\t\t\t\t\t\t\t\t\t\t\t<a href=\"https:\/\/adrianescarfullery.com\/de\/portfolio\/morlock-sessel\/\"><\/a>\n\t\t\t\t\t\t\t\t\t\t\t\t\t\n\t\t\t\t\t\t\t\t\t\t\t\t\t\t\t\t\t\t\t\t\t\t\t\n\t\t\t\t\t\t\t\t\t\t\t\n\t\t\t\t\t\t\t\t\t\t\t<div class=\"vert-center\">\n\t\t\t\t\t\t\t\t\t\t\t\t\t\n\t\t\t\t\t\t\t\t\t\t\t\t\t<h3>MORLOCK-SESSEL<\/h3> \n\t\t\t\t\t\t\t\t\t\t\t\t\t\t\t\t\t\t\t\t\t\t\t\t<\/div><!--\/vert-center-->\n\t\t\t\t\t\t\t\t\t\t\t\n\t\t\t\t\t\t\t\t\t\t<\/div>\n\t\t\t\t\t\t\t\t\t<\/div><!--work-item-->\n\t\t\t\t\t\t\t\t\t\n\t\t\t\t\t\t\t\t\t\t\t\t\t\t\t\t\n\t\t\t\t\t\t\t\t\n\t\t\t\t\t\t\t<\/div><!--\/inner-wrap-->\n\t\t\t\t\t\t<\/div><!--\/col-->\n\t\t\t\t\t\t\n\t\t\t\t\t\t\t\t\t\t\t\n\t\t\t\t\t\t\t\t\t\t\t\t\n\t\t\t\t\t\t<div class=\"col elastic-portfolio-item  element sessel alle sofas \"  data-project-cat=\"sessel alle sofas \" data-default-color=\"true\" data-title-color=\"\" data-subtitle-color=\"\">\n\t\t\t\t\t\t\t\n\t\t\t\t\t\t\t<div class=\"inner-wrap animated\" data-animation=\"none\">\n\t\t\t\t\t\t\t\t\n\t\t\t\t\t\t\t\t\t\t\t\t\t\t\t\t\t\n\t\t\t\t\t\t\t\t\t<div class=\"work-item style-2\" data-custom-content=\"\">\n\t\t\t\t\t\t\t\t\t\t\n\t\t\t\t\t\t\t\t\t\t<img loading=\"lazy\" decoding=\"async\" class=\"size- skip-lazy\" src=\"https:\/\/adrianescarfullery.com\/wp-content\/uploads\/2026\/07\/FUM-CHAIR-PORTADA.jpg\" alt=\"Butaca lounge Fum de nogal con asiento de fieltro de lana gris y correas de cuero.\" height=\"403\" width=\"600\" srcset=\"https:\/\/adrianescarfullery.com\/wp-content\/uploads\/2026\/07\/FUM-CHAIR-PORTADA.jpg 1247w, https:\/\/adrianescarfullery.com\/wp-content\/uploads\/2026\/07\/FUM-CHAIR-PORTADA-286x300.jpg 286w, https:\/\/adrianescarfullery.com\/wp-content\/uploads\/2026\/07\/FUM-CHAIR-PORTADA-977x1024.jpg 977w, https:\/\/adrianescarfullery.com\/wp-content\/uploads\/2026\/07\/FUM-CHAIR-PORTADA-768x805.jpg 768w, https:\/\/adrianescarfullery.com\/wp-content\/uploads\/2026\/07\/FUM-CHAIR-PORTADA-600x629.jpg 600w\"  \/>\t\t\t\t\t\t\t\t\t\t\n\t\t\t\t\t\t\t\t\t\t<div class=\"work-info-bg\"><\/div>\n\t\t\t\t\t\t\t\t\t\t<div class=\"work-info\">\n\t\t\t\t\t\t\t\t\t\t\t\n\t\t\t\t\t\t\t\t\t\t\t\t\t\t\t\t\t\t\t\t\t\t\t\n\t\t\t\t\t\t\t\t\t\t\t\t\n\t\t\t\t\t\t\t\t\t\t\t\t\t\t\t\t\t\t\t\t\t\t\t\t\t\n\t\t\t\t\t\t\t\t\t\t\t\t\t<a href=\"https:\/\/adrianescarfullery.com\/de\/portfolio\/fum-sessel\/\"><\/a>\n\t\t\t\t\t\t\t\t\t\t\t\t\t\n\t\t\t\t\t\t\t\t\t\t\t\t\t\t\t\t\t\t\t\t\t\t\t\n\t\t\t\t\t\t\t\t\t\t\t\n\t\t\t\t\t\t\t\t\t\t\t<div class=\"vert-center\">\n\t\t\t\t\t\t\t\t\t\t\t\t\t\n\t\t\t\t\t\t\t\t\t\t\t\t\t<h3>FUM-SESSEL<\/h3> \n\t\t\t\t\t\t\t\t\t\t\t\t\t\t\t\t\t\t\t\t\t\t\t\t<\/div><!--\/vert-center-->\n\t\t\t\t\t\t\t\t\t\t\t\n\t\t\t\t\t\t\t\t\t\t<\/div>\n\t\t\t\t\t\t\t\t\t<\/div><!--work-item-->\n\t\t\t\t\t\t\t\t\t\n\t\t\t\t\t\t\t\t\t\t\t\t\t\t\t\t\n\t\t\t\t\t\t\t\t\n\t\t\t\t\t\t\t<\/div><!--\/inner-wrap-->\n\t\t\t\t\t\t<\/div><!--\/col-->\n\t\t\t\t\t\t\n\t\t\t\t\t\t\t\t\t\t\t\n\t\t\t\t\t\t\t\t\t\t\t\t\n\t\t\t\t\t\t<div class=\"col elastic-portfolio-item  element sessel alle stuhle \"  data-project-cat=\"sessel alle stuhle \" data-default-color=\"true\" data-title-color=\"\" data-subtitle-color=\"\">\n\t\t\t\t\t\t\t\n\t\t\t\t\t\t\t<div class=\"inner-wrap animated\" data-animation=\"none\">\n\t\t\t\t\t\t\t\t\n\t\t\t\t\t\t\t\t\t\t\t\t\t\t\t\t\t\n\t\t\t\t\t\t\t\t\t<div class=\"work-item style-2\" data-custom-content=\"\">\n\t\t\t\t\t\t\t\t\t\t\n\t\t\t\t\t\t\t\t\t\t<img loading=\"lazy\" decoding=\"async\" class=\"size- skip-lazy\" src=\"https:\/\/adrianescarfullery.com\/wp-content\/uploads\/2026\/07\/BLOCK-PORTADA.jpg\" alt=\"Silla escult\u00f3rica Block de listones de roble claro entrelazados, dise\u00f1o geo.m\u00e9trico\" height=\"403\" width=\"600\" srcset=\"https:\/\/adrianescarfullery.com\/wp-content\/uploads\/2026\/07\/BLOCK-PORTADA.jpg 1247w, https:\/\/adrianescarfullery.com\/wp-content\/uploads\/2026\/07\/BLOCK-PORTADA-286x300.jpg 286w, https:\/\/adrianescarfullery.com\/wp-content\/uploads\/2026\/07\/BLOCK-PORTADA-977x1024.jpg 977w, https:\/\/adrianescarfullery.com\/wp-content\/uploads\/2026\/07\/BLOCK-PORTADA-768x805.jpg 768w, https:\/\/adrianescarfullery.com\/wp-content\/uploads\/2026\/07\/BLOCK-PORTADA-600x629.jpg 600w\"  \/>\t\t\t\t\t\t\t\t\t\t\n\t\t\t\t\t\t\t\t\t\t<div class=\"work-info-bg\"><\/div>\n\t\t\t\t\t\t\t\t\t\t<div class=\"work-info\">\n\t\t\t\t\t\t\t\t\t\t\t\n\t\t\t\t\t\t\t\t\t\t\t\t\t\t\t\t\t\t\t\t\t\t\t\n\t\t\t\t\t\t\t\t\t\t\t\t\n\t\t\t\t\t\t\t\t\t\t\t\t\t\t\t\t\t\t\t\t\t\t\t\t\t\n\t\t\t\t\t\t\t\t\t\t\t\t\t<a href=\"https:\/\/adrianescarfullery.com\/de\/portfolio\/stuhl-block\/\"><\/a>\n\t\t\t\t\t\t\t\t\t\t\t\t\t\n\t\t\t\t\t\t\t\t\t\t\t\t\t\t\t\t\t\t\t\t\t\t\t\n\t\t\t\t\t\t\t\t\t\t\t\n\t\t\t\t\t\t\t\t\t\t\t<div class=\"vert-center\">\n\t\t\t\t\t\t\t\t\t\t\t\t\t\n\t\t\t\t\t\t\t\t\t\t\t\t\t<h3>STUHL BLOCK<\/h3> \n\t\t\t\t\t\t\t\t\t\t\t\t\t\t\t\t\t\t\t\t\t\t\t\t<\/div><!--\/vert-center-->\n\t\t\t\t\t\t\t\t\t\t\t\n\t\t\t\t\t\t\t\t\t\t<\/div>\n\t\t\t\t\t\t\t\t\t<\/div><!--work-item-->\n\t\t\t\t\t\t\t\t\t\n\t\t\t\t\t\t\t\t\t\t\t\t\t\t\t\t\n\t\t\t\t\t\t\t\t\n\t\t\t\t\t\t\t<\/div><!--\/inner-wrap-->\n\t\t\t\t\t\t<\/div><!--\/col-->\n\t\t\t\t\t\t\n\t\t\t\t\t\t\t\t\t\t\t\n\t\t\t\t\t\t\t\t\t\t\t\t\n\t\t\t\t\t\t<div class=\"col elastic-portfolio-item  element sessel alle \"  data-project-cat=\"sessel alle \" data-default-color=\"true\" data-title-color=\"\" data-subtitle-color=\"\">\n\t\t\t\t\t\t\t\n\t\t\t\t\t\t\t<div class=\"inner-wrap animated\" data-animation=\"none\">\n\t\t\t\t\t\t\t\t\n\t\t\t\t\t\t\t\t\t\t\t\t\t\t\t\t\t\n\t\t\t\t\t\t\t\t\t<div class=\"work-item style-2\" data-custom-content=\"\">\n\t\t\t\t\t\t\t\t\t\t\n\t\t\t\t\t\t\t\t\t\t<img loading=\"lazy\" decoding=\"async\" class=\"size- skip-lazy\" src=\"https:\/\/adrianescarfullery.com\/wp-content\/uploads\/2026\/07\/ELEF-PORTADA.jpg\" alt=\"Mesa auxiliar Elef de tronco de madera natural con m\u00f3dulo c\u00fabico de metal acoplado.\" height=\"403\" width=\"600\" srcset=\"https:\/\/adrianescarfullery.com\/wp-content\/uploads\/2026\/07\/ELEF-PORTADA.jpg 1247w, https:\/\/adrianescarfullery.com\/wp-content\/uploads\/2026\/07\/ELEF-PORTADA-286x300.jpg 286w, https:\/\/adrianescarfullery.com\/wp-content\/uploads\/2026\/07\/ELEF-PORTADA-977x1024.jpg 977w, https:\/\/adrianescarfullery.com\/wp-content\/uploads\/2026\/07\/ELEF-PORTADA-768x805.jpg 768w, https:\/\/adrianescarfullery.com\/wp-content\/uploads\/2026\/07\/ELEF-PORTADA-600x629.jpg 600w\"  \/>\t\t\t\t\t\t\t\t\t\t\n\t\t\t\t\t\t\t\t\t\t<div class=\"work-info-bg\"><\/div>\n\t\t\t\t\t\t\t\t\t\t<div class=\"work-info\">\n\t\t\t\t\t\t\t\t\t\t\t\n\t\t\t\t\t\t\t\t\t\t\t\t\t\t\t\t\t\t\t\t\t\t\t\n\t\t\t\t\t\t\t\t\t\t\t\t\n\t\t\t\t\t\t\t\t\t\t\t\t\t\t\t\t\t\t\t\t\t\t\t\t\t\n\t\t\t\t\t\t\t\t\t\t\t\t\t<a href=\"https:\/\/adrianescarfullery.com\/de\/portfolio\/elef-sessel\/\"><\/a>\n\t\t\t\t\t\t\t\t\t\t\t\t\t\n\t\t\t\t\t\t\t\t\t\t\t\t\t\t\t\t\t\t\t\t\t\t\t\n\t\t\t\t\t\t\t\t\t\t\t\n\t\t\t\t\t\t\t\t\t\t\t<div class=\"vert-center\">\n\t\t\t\t\t\t\t\t\t\t\t\t\t\n\t\t\t\t\t\t\t\t\t\t\t\t\t<h3>ELEF-SESSEL<\/h3> \n\t\t\t\t\t\t\t\t\t\t\t\t\t\t\t\t\t\t\t\t\t\t\t\t<\/div><!--\/vert-center-->\n\t\t\t\t\t\t\t\t\t\t\t\n\t\t\t\t\t\t\t\t\t\t<\/div>\n\t\t\t\t\t\t\t\t\t<\/div><!--work-item-->\n\t\t\t\t\t\t\t\t\t\n\t\t\t\t\t\t\t\t\t\t\t\t\t\t\t\t\n\t\t\t\t\t\t\t\t\n\t\t\t\t\t\t\t<\/div><!--\/inner-wrap-->\n\t\t\t\t\t\t<\/div><!--\/col-->\n\t\t\t\t\t\t\n\t\t\t\t\t\t\t\t\t\t\t\n\t\t\t\t\t\t\t\t\t\t\t\t\n\t\t\t\t\t\t<div class=\"col elastic-portfolio-item  element sessel alle sofas \"  data-project-cat=\"sessel alle sofas \" data-default-color=\"true\" data-title-color=\"\" data-subtitle-color=\"\">\n\t\t\t\t\t\t\t\n\t\t\t\t\t\t\t<div class=\"inner-wrap animated\" data-animation=\"none\">\n\t\t\t\t\t\t\t\t\n\t\t\t\t\t\t\t\t\t\t\t\t\t\t\t\t\t\n\t\t\t\t\t\t\t\t\t<div class=\"work-item style-2\" data-custom-content=\"\">\n\t\t\t\t\t\t\t\t\t\t\n\t\t\t\t\t\t\t\t\t\t<img loading=\"lazy\" decoding=\"async\" class=\"size- skip-lazy\" src=\"https:\/\/adrianescarfullery.com\/wp-content\/uploads\/2026\/07\/VELI-PORTADA.jpg\" alt=\"Butaca Veli tapizada en terciopelo beige tostado con brazos envolventes acolchados.\" height=\"403\" width=\"600\" srcset=\"https:\/\/adrianescarfullery.com\/wp-content\/uploads\/2026\/07\/VELI-PORTADA.jpg 1247w, https:\/\/adrianescarfullery.com\/wp-content\/uploads\/2026\/07\/VELI-PORTADA-286x300.jpg 286w, https:\/\/adrianescarfullery.com\/wp-content\/uploads\/2026\/07\/VELI-PORTADA-977x1024.jpg 977w, https:\/\/adrianescarfullery.com\/wp-content\/uploads\/2026\/07\/VELI-PORTADA-768x805.jpg 768w, https:\/\/adrianescarfullery.com\/wp-content\/uploads\/2026\/07\/VELI-PORTADA-600x629.jpg 600w\"  \/>\t\t\t\t\t\t\t\t\t\t\n\t\t\t\t\t\t\t\t\t\t<div class=\"work-info-bg\"><\/div>\n\t\t\t\t\t\t\t\t\t\t<div class=\"work-info\">\n\t\t\t\t\t\t\t\t\t\t\t\n\t\t\t\t\t\t\t\t\t\t\t\t\t\t\t\t\t\t\t\t\t\t\t\n\t\t\t\t\t\t\t\t\t\t\t\t\n\t\t\t\t\t\t\t\t\t\t\t\t\t\t\t\t\t\t\t\t\t\t\t\t\t\n\t\t\t\t\t\t\t\t\t\t\t\t\t<a href=\"https:\/\/adrianescarfullery.com\/de\/portfolio\/veli-kollektion\/\"><\/a>\n\t\t\t\t\t\t\t\t\t\t\t\t\t\n\t\t\t\t\t\t\t\t\t\t\t\t\t\t\t\t\t\t\t\t\t\t\t\n\t\t\t\t\t\t\t\t\t\t\t\n\t\t\t\t\t\t\t\t\t\t\t<div class=\"vert-center\">\n\t\t\t\t\t\t\t\t\t\t\t\t\t\n\t\t\t\t\t\t\t\t\t\t\t\t\t<h3>VELI-KOLLEKTION<\/h3> \n\t\t\t\t\t\t\t\t\t\t\t\t\t\t\t\t\t\t\t\t\t\t\t\t<\/div><!--\/vert-center-->\n\t\t\t\t\t\t\t\t\t\t\t\n\t\t\t\t\t\t\t\t\t\t<\/div>\n\t\t\t\t\t\t\t\t\t<\/div><!--work-item-->\n\t\t\t\t\t\t\t\t\t\n\t\t\t\t\t\t\t\t\t\t\t\t\t\t\t\t\n\t\t\t\t\t\t\t\t\n\t\t\t\t\t\t\t<\/div><!--\/inner-wrap-->\n\t\t\t\t\t\t<\/div><!--\/col-->\n\t\t\t\t\t\t\n\t\t\t\t\t\t\t\t\t\t\t\n\t\t\t\t\t\t\t\t\t\t\t\t\n\t\t\t\t\t\t<div class=\"col elastic-portfolio-item  element sessel \"  data-project-cat=\"sessel \" data-default-color=\"true\" data-title-color=\"\" data-subtitle-color=\"\">\n\t\t\t\t\t\t\t\n\t\t\t\t\t\t\t<div class=\"inner-wrap animated\" data-animation=\"none\">\n\t\t\t\t\t\t\t\t\n\t\t\t\t\t\t\t\t\t\t\t\t\t\t\t\t\t\n\t\t\t\t\t\t\t\t\t<div class=\"work-item style-2\" data-custom-content=\"\">\n\t\t\t\t\t\t\t\t\t\t\n\t\t\t\t\t\t\t\t\t\t<img loading=\"lazy\" decoding=\"async\" class=\"size- skip-lazy\" src=\"https:\/\/adrianescarfullery.com\/wp-content\/uploads\/2026\/07\/LA-MALLORQUINA.jpg\" alt=\"Butaca escult\u00f3rica La Mallorquina realizada con contraventanas mallorquinas de madera negra.\" height=\"403\" width=\"600\" srcset=\"https:\/\/adrianescarfullery.com\/wp-content\/uploads\/2026\/07\/LA-MALLORQUINA.jpg 1247w, https:\/\/adrianescarfullery.com\/wp-content\/uploads\/2026\/07\/LA-MALLORQUINA-286x300.jpg 286w, https:\/\/adrianescarfullery.com\/wp-content\/uploads\/2026\/07\/LA-MALLORQUINA-977x1024.jpg 977w, https:\/\/adrianescarfullery.com\/wp-content\/uploads\/2026\/07\/LA-MALLORQUINA-768x805.jpg 768w, https:\/\/adrianescarfullery.com\/wp-content\/uploads\/2026\/07\/LA-MALLORQUINA-600x629.jpg 600w\"  \/>\t\t\t\t\t\t\t\t\t\t\n\t\t\t\t\t\t\t\t\t\t<div class=\"work-info-bg\"><\/div>\n\t\t\t\t\t\t\t\t\t\t<div class=\"work-info\">\n\t\t\t\t\t\t\t\t\t\t\t\n\t\t\t\t\t\t\t\t\t\t\t\t\t\t\t\t\t\t\t\t\t\t\t\n\t\t\t\t\t\t\t\t\t\t\t\t\n\t\t\t\t\t\t\t\t\t\t\t\t\t\t\t\t\t\t\t\t\t\t\t\t\t\n\t\t\t\t\t\t\t\t\t\t\t\t\t<a href=\"https:\/\/adrianescarfullery.com\/de\/portfolio\/sessel-la-mallorquina\/\"><\/a>\n\t\t\t\t\t\t\t\t\t\t\t\t\t\n\t\t\t\t\t\t\t\t\t\t\t\t\t\t\t\t\t\t\t\t\t\t\t\n\t\t\t\t\t\t\t\t\t\t\t\n\t\t\t\t\t\t\t\t\t\t\t<div class=\"vert-center\">\n\t\t\t\t\t\t\t\t\t\t\t\t\t\n\t\t\t\t\t\t\t\t\t\t\t\t\t<h3>SESSEL \u201eLA MALLORQUINA\u201c<\/h3> \n\t\t\t\t\t\t\t\t\t\t\t\t\t\t\t\t\t\t\t\t\t\t\t\t<\/div><!--\/vert-center-->\n\t\t\t\t\t\t\t\t\t\t\t\n\t\t\t\t\t\t\t\t\t\t<\/div>\n\t\t\t\t\t\t\t\t\t<\/div><!--work-item-->\n\t\t\t\t\t\t\t\t\t\n\t\t\t\t\t\t\t\t\t\t\t\t\t\t\t\t\n\t\t\t\t\t\t\t\t\n\t\t\t\t\t\t\t<\/div><!--\/inner-wrap-->\n\t\t\t\t\t\t<\/div><!--\/col-->\n\t\t\t\t\t\t\n\t\t\t\t\t\t\t\t\t\t\n\t\t\t\t<\/div><!--\/portfolio-->\n\t\t\t<\/div><!--\/portfolio wrap-->\n\t\t\t\n\t\t\t[divider line_type=&#8220;Small Line&#8220; line_alignment=&#8220;default&#8220; line_thickness=&#8220;1&#8243; divider_color=&#8220;default&#8220; custom_height=&#8220;100&#8243;][vc_column_text]\n<h4 style=\"text-align: left;\"><span class=\"eyebrow\" style=\"color: #b79a5b;\">02<\/span><\/h4>\n[\/vc_column_text][vc_column_text css_animation=&#8220;none&#8220;]\n<h4 style=\"text-align: left;\">ST\u00dcHLE<\/h4>\n[\/vc_column_text]\t\t\t\t\n\t\t\t\t\n\t\t\t\t\n\t\t\t\t<div class=\"portfolio-wrap \">\n\t\t\t\t\t\n\t\t\t\t\t\t\t\t\t\t\n\t\t\t\t\t<span class=\"portfolio-loading  none\">   <\/span>\n\t\t\t\t\t\n\t\t\t\t\t\t\t\t\t\t\n\t\t\t\t\t<div class=\"row portfolio-items no-masonry  fullwidth-constrained  \" data-rcp=\"false\" data-masonry-type=\"default\" data-ps=\"2\" data-starting-filter=\"\" data-gutter=\"1px\" data-categories-to-show=\"sillas\" data-bypass-cropping=\"true\" data-lightbox-only=\"0\" data-col-num=\"elastic\">\n\t\t\t\t\t\t\t\t\t\t\t\t\n\t\t\t\t\t\t\t\t\t\t\t\t\n\t\t\t\t\t\t<div class=\"col elastic-portfolio-item  element alle stuhle \"  data-project-cat=\"alle stuhle \" data-default-color=\"true\" data-title-color=\"\" data-subtitle-color=\"\">\n\t\t\t\t\t\t\t\n\t\t\t\t\t\t\t<div class=\"inner-wrap animated\" data-animation=\"fade_in\">\n\t\t\t\t\t\t\t\t\n\t\t\t\t\t\t\t\t\t\t\t\t\t\t\t\t\t\n\t\t\t\t\t\t\t\t\t<div class=\"work-item style-2\" data-custom-content=\"\">\n\t\t\t\t\t\t\t\t\t\t\n\t\t\t\t\t\t\t\t\t\t<img loading=\"lazy\" decoding=\"async\" class=\"size- skip-lazy\" src=\"https:\/\/adrianescarfullery.com\/wp-content\/uploads\/2026\/07\/MARA-PORTADA.jpg\" alt=\"Mesa auxiliar Mara de columna geom\u00e9trica lacada en marr\u00f3n topo.\" height=\"403\" width=\"600\" srcset=\"https:\/\/adrianescarfullery.com\/wp-content\/uploads\/2026\/07\/MARA-PORTADA.jpg 1247w, https:\/\/adrianescarfullery.com\/wp-content\/uploads\/2026\/07\/MARA-PORTADA-286x300.jpg 286w, https:\/\/adrianescarfullery.com\/wp-content\/uploads\/2026\/07\/MARA-PORTADA-977x1024.jpg 977w, https:\/\/adrianescarfullery.com\/wp-content\/uploads\/2026\/07\/MARA-PORTADA-768x805.jpg 768w, https:\/\/adrianescarfullery.com\/wp-content\/uploads\/2026\/07\/MARA-PORTADA-600x629.jpg 600w\"  \/>\t\t\t\t\t\t\t\t\t\t\n\t\t\t\t\t\t\t\t\t\t<div class=\"work-info-bg\"><\/div>\n\t\t\t\t\t\t\t\t\t\t<div class=\"work-info\">\n\t\t\t\t\t\t\t\t\t\t\t\n\t\t\t\t\t\t\t\t\t\t\t\t\t\t\t\t\t\t\t\t\t\t\t\n\t\t\t\t\t\t\t\t\t\t\t\t\n\t\t\t\t\t\t\t\t\t\t\t\t\t\t\t\t\t\t\t\t\t\t\t\t\t\n\t\t\t\t\t\t\t\t\t\t\t\t\t<a href=\"https:\/\/adrianescarfullery.com\/de\/portfolio\/stuhl-mara\/\"><\/a>\n\t\t\t\t\t\t\t\t\t\t\t\t\t\n\t\t\t\t\t\t\t\t\t\t\t\t\t\t\t\t\t\t\t\t\t\t\t\n\t\t\t\t\t\t\t\t\t\t\t\n\t\t\t\t\t\t\t\t\t\t\t<div class=\"vert-center\">\n\t\t\t\t\t\t\t\t\t\t\t\t\t\n\t\t\t\t\t\t\t\t\t\t\t\t\t<h3>STUHL MARA<\/h3> \n\t\t\t\t\t\t\t\t\t\t\t\t\t\t\t\t\t\t\t\t\t\t\t\t<\/div><!--\/vert-center-->\n\t\t\t\t\t\t\t\t\t\t\t\n\t\t\t\t\t\t\t\t\t\t<\/div>\n\t\t\t\t\t\t\t\t\t<\/div><!--work-item-->\n\t\t\t\t\t\t\t\t\t\n\t\t\t\t\t\t\t\t\t\t\t\t\t\t\t\t\n\t\t\t\t\t\t\t\t\n\t\t\t\t\t\t\t<\/div><!--\/inner-wrap-->\n\t\t\t\t\t\t<\/div><!--\/col-->\n\t\t\t\t\t\t\n\t\t\t\t\t\t\t\t\t\t\t\n\t\t\t\t\t\t\t\t\t\t\t\t\n\t\t\t\t\t\t<div class=\"col elastic-portfolio-item  element alle stuhle \"  data-project-cat=\"alle stuhle \" data-default-color=\"true\" data-title-color=\"\" data-subtitle-color=\"\">\n\t\t\t\t\t\t\t\n\t\t\t\t\t\t\t<div class=\"inner-wrap animated\" data-animation=\"fade_in\">\n\t\t\t\t\t\t\t\t\n\t\t\t\t\t\t\t\t\t\t\t\t\t\t\t\t\t\n\t\t\t\t\t\t\t\t\t<div class=\"work-item style-2\" data-custom-content=\"\">\n\t\t\t\t\t\t\t\t\t\t\n\t\t\t\t\t\t\t\t\t\t<img loading=\"lazy\" decoding=\"async\" class=\"size- skip-lazy\" src=\"https:\/\/adrianescarfullery.com\/wp-content\/uploads\/2026\/07\/TELAR.jpg\" alt=\"Butaca Telar de nogal con asiento y respaldo de cuerda tejida clara y reposabrazos.\" height=\"403\" width=\"600\" srcset=\"https:\/\/adrianescarfullery.com\/wp-content\/uploads\/2026\/07\/TELAR.jpg 1247w, https:\/\/adrianescarfullery.com\/wp-content\/uploads\/2026\/07\/TELAR-286x300.jpg 286w, https:\/\/adrianescarfullery.com\/wp-content\/uploads\/2026\/07\/TELAR-977x1024.jpg 977w, https:\/\/adrianescarfullery.com\/wp-content\/uploads\/2026\/07\/TELAR-768x805.jpg 768w, https:\/\/adrianescarfullery.com\/wp-content\/uploads\/2026\/07\/TELAR-600x629.jpg 600w\"  \/>\t\t\t\t\t\t\t\t\t\t\n\t\t\t\t\t\t\t\t\t\t<div class=\"work-info-bg\"><\/div>\n\t\t\t\t\t\t\t\t\t\t<div class=\"work-info\">\n\t\t\t\t\t\t\t\t\t\t\t\n\t\t\t\t\t\t\t\t\t\t\t\t\t\t\t\t\t\t\t\t\t\t\t\n\t\t\t\t\t\t\t\t\t\t\t\t\n\t\t\t\t\t\t\t\t\t\t\t\t\t\t\t\t\t\t\t\t\t\t\t\t\t\n\t\t\t\t\t\t\t\t\t\t\t\t\t<a href=\"https:\/\/adrianescarfullery.com\/de\/portfolio\/stuhl-telar\/\"><\/a>\n\t\t\t\t\t\t\t\t\t\t\t\t\t\n\t\t\t\t\t\t\t\t\t\t\t\t\t\t\t\t\t\t\t\t\t\t\t\n\t\t\t\t\t\t\t\t\t\t\t\n\t\t\t\t\t\t\t\t\t\t\t<div class=\"vert-center\">\n\t\t\t\t\t\t\t\t\t\t\t\t\t\n\t\t\t\t\t\t\t\t\t\t\t\t\t<h3>STUHL \u201eTELAR\u201c<\/h3> \n\t\t\t\t\t\t\t\t\t\t\t\t\t\t\t\t\t\t\t\t\t\t\t\t<\/div><!--\/vert-center-->\n\t\t\t\t\t\t\t\t\t\t\t\n\t\t\t\t\t\t\t\t\t\t<\/div>\n\t\t\t\t\t\t\t\t\t<\/div><!--work-item-->\n\t\t\t\t\t\t\t\t\t\n\t\t\t\t\t\t\t\t\t\t\t\t\t\t\t\t\n\t\t\t\t\t\t\t\t\n\t\t\t\t\t\t\t<\/div><!--\/inner-wrap-->\n\t\t\t\t\t\t<\/div><!--\/col-->\n\t\t\t\t\t\t\n\t\t\t\t\t\t\t\t\t\t\t\n\t\t\t\t\t\t\t\t\t\t\t\t\n\t\t\t\t\t\t<div class=\"col elastic-portfolio-item  element sessel alle stuhle \"  data-project-cat=\"sessel alle stuhle \" data-default-color=\"true\" data-title-color=\"\" data-subtitle-color=\"\">\n\t\t\t\t\t\t\t\n\t\t\t\t\t\t\t<div class=\"inner-wrap animated\" data-animation=\"fade_in\">\n\t\t\t\t\t\t\t\t\n\t\t\t\t\t\t\t\t\t\t\t\t\t\t\t\t\t\n\t\t\t\t\t\t\t\t\t<div class=\"work-item style-2\" data-custom-content=\"\">\n\t\t\t\t\t\t\t\t\t\t\n\t\t\t\t\t\t\t\t\t\t<img loading=\"lazy\" decoding=\"async\" class=\"size- skip-lazy\" src=\"https:\/\/adrianescarfullery.com\/wp-content\/uploads\/2026\/07\/BLOCK-PORTADA.jpg\" alt=\"Silla escult\u00f3rica Block de listones de roble claro entrelazados, dise\u00f1o geo.m\u00e9trico\" height=\"403\" width=\"600\" srcset=\"https:\/\/adrianescarfullery.com\/wp-content\/uploads\/2026\/07\/BLOCK-PORTADA.jpg 1247w, https:\/\/adrianescarfullery.com\/wp-content\/uploads\/2026\/07\/BLOCK-PORTADA-286x300.jpg 286w, https:\/\/adrianescarfullery.com\/wp-content\/uploads\/2026\/07\/BLOCK-PORTADA-977x1024.jpg 977w, https:\/\/adrianescarfullery.com\/wp-content\/uploads\/2026\/07\/BLOCK-PORTADA-768x805.jpg 768w, https:\/\/adrianescarfullery.com\/wp-content\/uploads\/2026\/07\/BLOCK-PORTADA-600x629.jpg 600w\"  \/>\t\t\t\t\t\t\t\t\t\t\n\t\t\t\t\t\t\t\t\t\t<div class=\"work-info-bg\"><\/div>\n\t\t\t\t\t\t\t\t\t\t<div class=\"work-info\">\n\t\t\t\t\t\t\t\t\t\t\t\n\t\t\t\t\t\t\t\t\t\t\t\t\t\t\t\t\t\t\t\t\t\t\t\n\t\t\t\t\t\t\t\t\t\t\t\t\n\t\t\t\t\t\t\t\t\t\t\t\t\t\t\t\t\t\t\t\t\t\t\t\t\t\n\t\t\t\t\t\t\t\t\t\t\t\t\t<a href=\"https:\/\/adrianescarfullery.com\/de\/portfolio\/stuhl-block\/\"><\/a>\n\t\t\t\t\t\t\t\t\t\t\t\t\t\n\t\t\t\t\t\t\t\t\t\t\t\t\t\t\t\t\t\t\t\t\t\t\t\n\t\t\t\t\t\t\t\t\t\t\t\n\t\t\t\t\t\t\t\t\t\t\t<div class=\"vert-center\">\n\t\t\t\t\t\t\t\t\t\t\t\t\t\n\t\t\t\t\t\t\t\t\t\t\t\t\t<h3>STUHL BLOCK<\/h3> \n\t\t\t\t\t\t\t\t\t\t\t\t\t\t\t\t\t\t\t\t\t\t\t\t<\/div><!--\/vert-center-->\n\t\t\t\t\t\t\t\t\t\t\t\n\t\t\t\t\t\t\t\t\t\t<\/div>\n\t\t\t\t\t\t\t\t\t<\/div><!--work-item-->\n\t\t\t\t\t\t\t\t\t\n\t\t\t\t\t\t\t\t\t\t\t\t\t\t\t\t\n\t\t\t\t\t\t\t\t\n\t\t\t\t\t\t\t<\/div><!--\/inner-wrap-->\n\t\t\t\t\t\t<\/div><!--\/col-->\n\t\t\t\t\t\t\n\t\t\t\t\t\t\t\t\t\t\n\t\t\t\t<\/div><!--\/portfolio-->\n\t\t\t<\/div><!--\/portfolio wrap-->\n\t\t\t\n\t\t\t[divider line_type=&#8220;Small Line&#8220; line_alignment=&#8220;default&#8220; line_thickness=&#8220;1&#8243; divider_color=&#8220;default&#8220; custom_height=&#8220;100&#8243;][vc_column_text]\n<h4 style=\"text-align: left;\"><span class=\"eyebrow\" style=\"color: #b79a5b;\">03<\/span><\/h4>\n[\/vc_column_text][vc_column_text css_animation=&#8220;none&#8220;]\n<h4 style=\"text-align: left;\">HOCKER<\/h4>\n[\/vc_column_text]\t\t\t\t\n\t\t\t\t\n\t\t\t\t\n\t\t\t\t<div class=\"portfolio-wrap \">\n\t\t\t\t\t\n\t\t\t\t\t\t\t\t\t\t\n\t\t\t\t\t<span class=\"portfolio-loading  none\">   <\/span>\n\t\t\t\t\t\n\t\t\t\t\t\t\t\t\t\t\n\t\t\t\t\t<div class=\"row portfolio-items no-masonry  fullwidth-constrained  \" data-rcp=\"false\" data-masonry-type=\"default\" data-ps=\"2\" data-starting-filter=\"\" data-gutter=\"1px\" data-categories-to-show=\"taburete\" data-bypass-cropping=\"true\" data-lightbox-only=\"0\" data-col-num=\"elastic\">\n\t\t\t\t\t\t\t\t\t\t\t\t\n\t\t\t\t\t\t\t\t\t\t\t\t\n\t\t\t\t\t\t<div class=\"col elastic-portfolio-item  element alle hocker \"  data-project-cat=\"alle hocker \" data-default-color=\"true\" data-title-color=\"\" data-subtitle-color=\"\">\n\t\t\t\t\t\t\t\n\t\t\t\t\t\t\t<div class=\"inner-wrap animated\" data-animation=\"none\">\n\t\t\t\t\t\t\t\t\n\t\t\t\t\t\t\t\t\t\t\t\t\t\t\t\t\t\n\t\t\t\t\t\t\t\t\t<div class=\"work-item style-2\" data-custom-content=\"\">\n\t\t\t\t\t\t\t\t\t\t\n\t\t\t\t\t\t\t\t\t\t<img loading=\"lazy\" decoding=\"async\" class=\"size- skip-lazy\" src=\"https:\/\/adrianescarfullery.com\/wp-content\/uploads\/2026\/07\/TAMER-TABURETE-PORTTADA.jpg\" alt=\"\" height=\"403\" width=\"600\" srcset=\"https:\/\/adrianescarfullery.com\/wp-content\/uploads\/2026\/07\/TAMER-TABURETE-PORTTADA.jpg 1247w, https:\/\/adrianescarfullery.com\/wp-content\/uploads\/2026\/07\/TAMER-TABURETE-PORTTADA-286x300.jpg 286w, https:\/\/adrianescarfullery.com\/wp-content\/uploads\/2026\/07\/TAMER-TABURETE-PORTTADA-977x1024.jpg 977w, https:\/\/adrianescarfullery.com\/wp-content\/uploads\/2026\/07\/TAMER-TABURETE-PORTTADA-768x805.jpg 768w, https:\/\/adrianescarfullery.com\/wp-content\/uploads\/2026\/07\/TAMER-TABURETE-PORTTADA-600x629.jpg 600w\"  \/>\t\t\t\t\t\t\t\t\t\t\n\t\t\t\t\t\t\t\t\t\t<div class=\"work-info-bg\"><\/div>\n\t\t\t\t\t\t\t\t\t\t<div class=\"work-info\">\n\t\t\t\t\t\t\t\t\t\t\t\n\t\t\t\t\t\t\t\t\t\t\t\t\t\t\t\t\t\t\t\t\t\t\t\n\t\t\t\t\t\t\t\t\t\t\t\t\n\t\t\t\t\t\t\t\t\t\t\t\t\t\t\t\t\t\t\t\t\t\t\t\t\t\n\t\t\t\t\t\t\t\t\t\t\t\t\t<a href=\"https:\/\/adrianescarfullery.com\/de\/portfolio\/hocker-tamer\/\"><\/a>\n\t\t\t\t\t\t\t\t\t\t\t\t\t\n\t\t\t\t\t\t\t\t\t\t\t\t\t\t\t\t\t\t\t\t\t\t\t\n\t\t\t\t\t\t\t\t\t\t\t\n\t\t\t\t\t\t\t\t\t\t\t<div class=\"vert-center\">\n\t\t\t\t\t\t\t\t\t\t\t\t\t\n\t\t\t\t\t\t\t\t\t\t\t\t\t<h3>HOCKER TAMER<\/h3> \n\t\t\t\t\t\t\t\t\t\t\t\t\t\t\t\t\t\t\t\t\t\t\t\t<\/div><!--\/vert-center-->\n\t\t\t\t\t\t\t\t\t\t\t\n\t\t\t\t\t\t\t\t\t\t<\/div>\n\t\t\t\t\t\t\t\t\t<\/div><!--work-item-->\n\t\t\t\t\t\t\t\t\t\n\t\t\t\t\t\t\t\t\t\t\t\t\t\t\t\t\n\t\t\t\t\t\t\t\t\n\t\t\t\t\t\t\t<\/div><!--\/inner-wrap-->\n\t\t\t\t\t\t<\/div><!--\/col-->\n\t\t\t\t\t\t\n\t\t\t\t\t\t\t\t\t\t\t\n\t\t\t\t\t\t\t\t\t\t\t\t\n\t\t\t\t\t\t<div class=\"col elastic-portfolio-item  element alle hocker \"  data-project-cat=\"alle hocker \" data-default-color=\"true\" data-title-color=\"\" data-subtitle-color=\"\">\n\t\t\t\t\t\t\t\n\t\t\t\t\t\t\t<div class=\"inner-wrap animated\" data-animation=\"none\">\n\t\t\t\t\t\t\t\t\n\t\t\t\t\t\t\t\t\t\t\t\t\t\t\t\t\t\n\t\t\t\t\t\t\t\t\t<div class=\"work-item style-2\" data-custom-content=\"\">\n\t\t\t\t\t\t\t\t\t\t\n\t\t\t\t\t\t\t\t\t\t<img loading=\"lazy\" decoding=\"async\" class=\"size- skip-lazy\" src=\"https:\/\/adrianescarfullery.com\/wp-content\/uploads\/2026\/07\/ELEF-TABURETE-PORTDADA.jpg\" alt=\"Pareja de taburetes Elef en roble claro, uno con respaldo y otro sin respaldo, con asiento de cuerda natural.\" height=\"403\" width=\"600\" srcset=\"https:\/\/adrianescarfullery.com\/wp-content\/uploads\/2026\/07\/ELEF-TABURETE-PORTDADA.jpg 1247w, https:\/\/adrianescarfullery.com\/wp-content\/uploads\/2026\/07\/ELEF-TABURETE-PORTDADA-286x300.jpg 286w, https:\/\/adrianescarfullery.com\/wp-content\/uploads\/2026\/07\/ELEF-TABURETE-PORTDADA-977x1024.jpg 977w, https:\/\/adrianescarfullery.com\/wp-content\/uploads\/2026\/07\/ELEF-TABURETE-PORTDADA-768x805.jpg 768w, https:\/\/adrianescarfullery.com\/wp-content\/uploads\/2026\/07\/ELEF-TABURETE-PORTDADA-600x629.jpg 600w\"  \/>\t\t\t\t\t\t\t\t\t\t\n\t\t\t\t\t\t\t\t\t\t<div class=\"work-info-bg\"><\/div>\n\t\t\t\t\t\t\t\t\t\t<div class=\"work-info\">\n\t\t\t\t\t\t\t\t\t\t\t\n\t\t\t\t\t\t\t\t\t\t\t\t\t\t\t\t\t\t\t\t\t\t\t\n\t\t\t\t\t\t\t\t\t\t\t\t\n\t\t\t\t\t\t\t\t\t\t\t\t\t\t\t\t\t\t\t\t\t\t\t\t\t\n\t\t\t\t\t\t\t\t\t\t\t\t\t<a href=\"https:\/\/adrianescarfullery.com\/de\/portfolio\/hocker-elef\/\"><\/a>\n\t\t\t\t\t\t\t\t\t\t\t\t\t\n\t\t\t\t\t\t\t\t\t\t\t\t\t\t\t\t\t\t\t\t\t\t\t\n\t\t\t\t\t\t\t\t\t\t\t\n\t\t\t\t\t\t\t\t\t\t\t<div class=\"vert-center\">\n\t\t\t\t\t\t\t\t\t\t\t\t\t\n\t\t\t\t\t\t\t\t\t\t\t\t\t<h3>HOCKER ELEF<\/h3> \n\t\t\t\t\t\t\t\t\t\t\t\t\t\t\t\t\t\t\t\t\t\t\t\t<\/div><!--\/vert-center-->\n\t\t\t\t\t\t\t\t\t\t\t\n\t\t\t\t\t\t\t\t\t\t<\/div>\n\t\t\t\t\t\t\t\t\t<\/div><!--work-item-->\n\t\t\t\t\t\t\t\t\t\n\t\t\t\t\t\t\t\t\t\t\t\t\t\t\t\t\n\t\t\t\t\t\t\t\t\n\t\t\t\t\t\t\t<\/div><!--\/inner-wrap-->\n\t\t\t\t\t\t<\/div><!--\/col-->\n\t\t\t\t\t\t\n\t\t\t\t\t\t\t\t\t\t\t\n\t\t\t\t\t\t\t\t\t\t\t\t\n\t\t\t\t\t\t<div class=\"col elastic-portfolio-item  element alle hocker \"  data-project-cat=\"alle hocker \" data-default-color=\"true\" data-title-color=\"\" data-subtitle-color=\"\">\n\t\t\t\t\t\t\t\n\t\t\t\t\t\t\t<div class=\"inner-wrap animated\" data-animation=\"none\">\n\t\t\t\t\t\t\t\t\n\t\t\t\t\t\t\t\t\t\t\t\t\t\t\t\t\t\n\t\t\t\t\t\t\t\t\t<div class=\"work-item style-2\" data-custom-content=\"\">\n\t\t\t\t\t\t\t\t\t\t\n\t\t\t\t\t\t\t\t\t\t<img loading=\"lazy\" decoding=\"async\" class=\"size- skip-lazy\" src=\"https:\/\/adrianescarfullery.com\/wp-content\/uploads\/2026\/07\/TABURETE-FUM-PORTADA.jpg\" alt=\"Tres taburetes Fum en roble con cuero co\u00f1ac, nogal con cuero oliva y madera negra con cuero negro.\" height=\"403\" width=\"600\" srcset=\"https:\/\/adrianescarfullery.com\/wp-content\/uploads\/2026\/07\/TABURETE-FUM-PORTADA.jpg 1247w, https:\/\/adrianescarfullery.com\/wp-content\/uploads\/2026\/07\/TABURETE-FUM-PORTADA-286x300.jpg 286w, https:\/\/adrianescarfullery.com\/wp-content\/uploads\/2026\/07\/TABURETE-FUM-PORTADA-977x1024.jpg 977w, https:\/\/adrianescarfullery.com\/wp-content\/uploads\/2026\/07\/TABURETE-FUM-PORTADA-768x805.jpg 768w, https:\/\/adrianescarfullery.com\/wp-content\/uploads\/2026\/07\/TABURETE-FUM-PORTADA-600x629.jpg 600w\"  \/>\t\t\t\t\t\t\t\t\t\t\n\t\t\t\t\t\t\t\t\t\t<div class=\"work-info-bg\"><\/div>\n\t\t\t\t\t\t\t\t\t\t<div class=\"work-info\">\n\t\t\t\t\t\t\t\t\t\t\t\n\t\t\t\t\t\t\t\t\t\t\t\t\t\t\t\t\t\t\t\t\t\t\t\n\t\t\t\t\t\t\t\t\t\t\t\t\n\t\t\t\t\t\t\t\t\t\t\t\t\t\t\t\t\t\t\t\t\t\t\t\t\t\n\t\t\t\t\t\t\t\t\t\t\t\t\t<a href=\"https:\/\/adrianescarfullery.com\/de\/portfolio\/hocker-fum\/\"><\/a>\n\t\t\t\t\t\t\t\t\t\t\t\t\t\n\t\t\t\t\t\t\t\t\t\t\t\t\t\t\t\t\t\t\t\t\t\t\t\n\t\t\t\t\t\t\t\t\t\t\t\n\t\t\t\t\t\t\t\t\t\t\t<div class=\"vert-center\">\n\t\t\t\t\t\t\t\t\t\t\t\t\t\n\t\t\t\t\t\t\t\t\t\t\t\t\t<h3>HOCKER FUM<\/h3> \n\t\t\t\t\t\t\t\t\t\t\t\t\t\t\t\t\t\t\t\t\t\t\t\t<\/div><!--\/vert-center-->\n\t\t\t\t\t\t\t\t\t\t\t\n\t\t\t\t\t\t\t\t\t\t<\/div>\n\t\t\t\t\t\t\t\t\t<\/div><!--work-item-->\n\t\t\t\t\t\t\t\t\t\n\t\t\t\t\t\t\t\t\t\t\t\t\t\t\t\t\n\t\t\t\t\t\t\t\t\n\t\t\t\t\t\t\t<\/div><!--\/inner-wrap-->\n\t\t\t\t\t\t<\/div><!--\/col-->\n\t\t\t\t\t\t\n\t\t\t\t\t\t\t\t\t\t\n\t\t\t\t<\/div><!--\/portfolio-->\n\t\t\t<\/div><!--\/portfolio wrap-->\n\t\t\t\n\t\t\t[divider line_type=&#8220;Small Line&#8220; line_alignment=&#8220;default&#8220; line_thickness=&#8220;1&#8243; divider_color=&#8220;default&#8220; custom_height=&#8220;100&#8243;][vc_column_text]\n<h4 style=\"text-align: left;\"><span class=\"eyebrow\" style=\"color: #b79a5b;\">04<\/span><\/h4>\n[\/vc_column_text][vc_column_text css_animation=&#8220;none&#8220;]\n<h4 style=\"text-align: left;\">SOFAS<\/h4>\n[\/vc_column_text]\t\t\t\t\n\t\t\t\t\n\t\t\t\t\n\t\t\t\t<div class=\"portfolio-wrap \">\n\t\t\t\t\t\n\t\t\t\t\t\t\t\t\t\t\n\t\t\t\t\t<span class=\"portfolio-loading  none\">   <\/span>\n\t\t\t\t\t\n\t\t\t\t\t\t\t\t\t\t\n\t\t\t\t\t<div class=\"row portfolio-items no-masonry  fullwidth-constrained  \" data-rcp=\"false\" data-masonry-type=\"default\" data-ps=\"2\" data-starting-filter=\"\" data-gutter=\"1px\" data-categories-to-show=\"sofa\" data-bypass-cropping=\"true\" data-lightbox-only=\"0\" data-col-num=\"elastic\">\n\t\t\t\t\t\t\t\t\t\t\t\t\n\t\t\t\t\t\t\t\t\t\t\t\t\n\t\t\t\t\t\t<div class=\"col elastic-portfolio-item  element sessel alle sofas \"  data-project-cat=\"sessel alle sofas \" data-default-color=\"true\" data-title-color=\"\" data-subtitle-color=\"\">\n\t\t\t\t\t\t\t\n\t\t\t\t\t\t\t<div class=\"inner-wrap animated\" data-animation=\"none\">\n\t\t\t\t\t\t\t\t\n\t\t\t\t\t\t\t\t\t\t\t\t\t\t\t\t\t\n\t\t\t\t\t\t\t\t\t<div class=\"work-item style-2\" data-custom-content=\"\">\n\t\t\t\t\t\t\t\t\t\t\n\t\t\t\t\t\t\t\t\t\t<img loading=\"lazy\" decoding=\"async\" class=\"size- skip-lazy\" src=\"https:\/\/adrianescarfullery.com\/wp-content\/uploads\/2026\/07\/DEEP-BLUE-PORTADA.jpg\" alt=\"Butaca Deep Blue tapizada en cuero co\u00f1ac con estructura de madera y coj\u00edn a juego.\" height=\"403\" width=\"600\" srcset=\"https:\/\/adrianescarfullery.com\/wp-content\/uploads\/2026\/07\/DEEP-BLUE-PORTADA.jpg 1247w, https:\/\/adrianescarfullery.com\/wp-content\/uploads\/2026\/07\/DEEP-BLUE-PORTADA-286x300.jpg 286w, https:\/\/adrianescarfullery.com\/wp-content\/uploads\/2026\/07\/DEEP-BLUE-PORTADA-977x1024.jpg 977w, https:\/\/adrianescarfullery.com\/wp-content\/uploads\/2026\/07\/DEEP-BLUE-PORTADA-768x805.jpg 768w, https:\/\/adrianescarfullery.com\/wp-content\/uploads\/2026\/07\/DEEP-BLUE-PORTADA-600x629.jpg 600w\"  \/>\t\t\t\t\t\t\t\t\t\t\n\t\t\t\t\t\t\t\t\t\t<div class=\"work-info-bg\"><\/div>\n\t\t\t\t\t\t\t\t\t\t<div class=\"work-info\">\n\t\t\t\t\t\t\t\t\t\t\t\n\t\t\t\t\t\t\t\t\t\t\t\t\t\t\t\t\t\t\t\t\t\t\t\n\t\t\t\t\t\t\t\t\t\t\t\t\n\t\t\t\t\t\t\t\t\t\t\t\t\t\t\t\t\t\t\t\t\t\t\t\t\t\n\t\t\t\t\t\t\t\t\t\t\t\t\t<a href=\"https:\/\/adrianescarfullery.com\/de\/portfolio\/sofa-deep-blue\/\"><\/a>\n\t\t\t\t\t\t\t\t\t\t\t\t\t\n\t\t\t\t\t\t\t\t\t\t\t\t\t\t\t\t\t\t\t\t\t\t\t\n\t\t\t\t\t\t\t\t\t\t\t\n\t\t\t\t\t\t\t\t\t\t\t<div class=\"vert-center\">\n\t\t\t\t\t\t\t\t\t\t\t\t\t\n\t\t\t\t\t\t\t\t\t\t\t\t\t<h3>SOFA DEEP BLUE<\/h3> \n\t\t\t\t\t\t\t\t\t\t\t\t\t\t\t\t\t\t\t\t\t\t\t\t<\/div><!--\/vert-center-->\n\t\t\t\t\t\t\t\t\t\t\t\n\t\t\t\t\t\t\t\t\t\t<\/div>\n\t\t\t\t\t\t\t\t\t<\/div><!--work-item-->\n\t\t\t\t\t\t\t\t\t\n\t\t\t\t\t\t\t\t\t\t\t\t\t\t\t\t\n\t\t\t\t\t\t\t\t\n\t\t\t\t\t\t\t<\/div><!--\/inner-wrap-->\n\t\t\t\t\t\t<\/div><!--\/col-->\n\t\t\t\t\t\t\n\t\t\t\t\t\t\t\t\t\t\t\n\t\t\t\t\t\t\t\t\t\t\t\t\n\t\t\t\t\t\t<div class=\"col elastic-portfolio-item  element sessel alle sofas \"  data-project-cat=\"sessel alle sofas \" data-default-color=\"true\" data-title-color=\"\" data-subtitle-color=\"\">\n\t\t\t\t\t\t\t\n\t\t\t\t\t\t\t<div class=\"inner-wrap animated\" data-animation=\"none\">\n\t\t\t\t\t\t\t\t\n\t\t\t\t\t\t\t\t\t\t\t\t\t\t\t\t\t\n\t\t\t\t\t\t\t\t\t<div class=\"work-item style-2\" data-custom-content=\"\">\n\t\t\t\t\t\t\t\t\t\t\n\t\t\t\t\t\t\t\t\t\t<img loading=\"lazy\" decoding=\"async\" class=\"size- skip-lazy\" src=\"https:\/\/adrianescarfullery.com\/wp-content\/uploads\/2026\/07\/FUM-CHAIR-PORTADA.jpg\" alt=\"Butaca lounge Fum de nogal con asiento de fieltro de lana gris y correas de cuero.\" height=\"403\" width=\"600\" srcset=\"https:\/\/adrianescarfullery.com\/wp-content\/uploads\/2026\/07\/FUM-CHAIR-PORTADA.jpg 1247w, https:\/\/adrianescarfullery.com\/wp-content\/uploads\/2026\/07\/FUM-CHAIR-PORTADA-286x300.jpg 286w, https:\/\/adrianescarfullery.com\/wp-content\/uploads\/2026\/07\/FUM-CHAIR-PORTADA-977x1024.jpg 977w, https:\/\/adrianescarfullery.com\/wp-content\/uploads\/2026\/07\/FUM-CHAIR-PORTADA-768x805.jpg 768w, https:\/\/adrianescarfullery.com\/wp-content\/uploads\/2026\/07\/FUM-CHAIR-PORTADA-600x629.jpg 600w\"  \/>\t\t\t\t\t\t\t\t\t\t\n\t\t\t\t\t\t\t\t\t\t<div class=\"work-info-bg\"><\/div>\n\t\t\t\t\t\t\t\t\t\t<div class=\"work-info\">\n\t\t\t\t\t\t\t\t\t\t\t\n\t\t\t\t\t\t\t\t\t\t\t\t\t\t\t\t\t\t\t\t\t\t\t\n\t\t\t\t\t\t\t\t\t\t\t\t\n\t\t\t\t\t\t\t\t\t\t\t\t\t\t\t\t\t\t\t\t\t\t\t\t\t\n\t\t\t\t\t\t\t\t\t\t\t\t\t<a href=\"https:\/\/adrianescarfullery.com\/de\/portfolio\/fum-sessel\/\"><\/a>\n\t\t\t\t\t\t\t\t\t\t\t\t\t\n\t\t\t\t\t\t\t\t\t\t\t\t\t\t\t\t\t\t\t\t\t\t\t\n\t\t\t\t\t\t\t\t\t\t\t\n\t\t\t\t\t\t\t\t\t\t\t<div class=\"vert-center\">\n\t\t\t\t\t\t\t\t\t\t\t\t\t\n\t\t\t\t\t\t\t\t\t\t\t\t\t<h3>FUM-SESSEL<\/h3> \n\t\t\t\t\t\t\t\t\t\t\t\t\t\t\t\t\t\t\t\t\t\t\t\t<\/div><!--\/vert-center-->\n\t\t\t\t\t\t\t\t\t\t\t\n\t\t\t\t\t\t\t\t\t\t<\/div>\n\t\t\t\t\t\t\t\t\t<\/div><!--work-item-->\n\t\t\t\t\t\t\t\t\t\n\t\t\t\t\t\t\t\t\t\t\t\t\t\t\t\t\n\t\t\t\t\t\t\t\t\n\t\t\t\t\t\t\t<\/div><!--\/inner-wrap-->\n\t\t\t\t\t\t<\/div><!--\/col-->\n\t\t\t\t\t\t\n\t\t\t\t\t\t\t\t\t\t\t\n\t\t\t\t\t\t\t\t\t\t\t\t\n\t\t\t\t\t\t<div class=\"col elastic-portfolio-item  element sessel alle sofas \"  data-project-cat=\"sessel alle sofas \" data-default-color=\"true\" data-title-color=\"\" data-subtitle-color=\"\">\n\t\t\t\t\t\t\t\n\t\t\t\t\t\t\t<div class=\"inner-wrap animated\" data-animation=\"none\">\n\t\t\t\t\t\t\t\t\n\t\t\t\t\t\t\t\t\t\t\t\t\t\t\t\t\t\n\t\t\t\t\t\t\t\t\t<div class=\"work-item style-2\" data-custom-content=\"\">\n\t\t\t\t\t\t\t\t\t\t\n\t\t\t\t\t\t\t\t\t\t<img loading=\"lazy\" decoding=\"async\" class=\"size- skip-lazy\" src=\"https:\/\/adrianescarfullery.com\/wp-content\/uploads\/2026\/07\/VELI-PORTADA.jpg\" alt=\"Butaca Veli tapizada en terciopelo beige tostado con brazos envolventes acolchados.\" height=\"403\" width=\"600\" srcset=\"https:\/\/adrianescarfullery.com\/wp-content\/uploads\/2026\/07\/VELI-PORTADA.jpg 1247w, https:\/\/adrianescarfullery.com\/wp-content\/uploads\/2026\/07\/VELI-PORTADA-286x300.jpg 286w, https:\/\/adrianescarfullery.com\/wp-content\/uploads\/2026\/07\/VELI-PORTADA-977x1024.jpg 977w, https:\/\/adrianescarfullery.com\/wp-content\/uploads\/2026\/07\/VELI-PORTADA-768x805.jpg 768w, https:\/\/adrianescarfullery.com\/wp-content\/uploads\/2026\/07\/VELI-PORTADA-600x629.jpg 600w\"  \/>\t\t\t\t\t\t\t\t\t\t\n\t\t\t\t\t\t\t\t\t\t<div class=\"work-info-bg\"><\/div>\n\t\t\t\t\t\t\t\t\t\t<div class=\"work-info\">\n\t\t\t\t\t\t\t\t\t\t\t\n\t\t\t\t\t\t\t\t\t\t\t\t\t\t\t\t\t\t\t\t\t\t\t\n\t\t\t\t\t\t\t\t\t\t\t\t\n\t\t\t\t\t\t\t\t\t\t\t\t\t\t\t\t\t\t\t\t\t\t\t\t\t\n\t\t\t\t\t\t\t\t\t\t\t\t\t<a href=\"https:\/\/adrianescarfullery.com\/de\/portfolio\/veli-kollektion\/\"><\/a>\n\t\t\t\t\t\t\t\t\t\t\t\t\t\n\t\t\t\t\t\t\t\t\t\t\t\t\t\t\t\t\t\t\t\t\t\t\t\n\t\t\t\t\t\t\t\t\t\t\t\n\t\t\t\t\t\t\t\t\t\t\t<div class=\"vert-center\">\n\t\t\t\t\t\t\t\t\t\t\t\t\t\n\t\t\t\t\t\t\t\t\t\t\t\t\t<h3>VELI-KOLLEKTION<\/h3> \n\t\t\t\t\t\t\t\t\t\t\t\t\t\t\t\t\t\t\t\t\t\t\t\t<\/div><!--\/vert-center-->\n\t\t\t\t\t\t\t\t\t\t\t\n\t\t\t\t\t\t\t\t\t\t<\/div>\n\t\t\t\t\t\t\t\t\t<\/div><!--work-item-->\n\t\t\t\t\t\t\t\t\t\n\t\t\t\t\t\t\t\t\t\t\t\t\t\t\t\t\n\t\t\t\t\t\t\t\t\n\t\t\t\t\t\t\t<\/div><!--\/inner-wrap-->\n\t\t\t\t\t\t<\/div><!--\/col-->\n\t\t\t\t\t\t\n\t\t\t\t\t\t\t\t\t\t\n\t\t\t\t<\/div><!--\/portfolio-->\n\t\t\t<\/div><!--\/portfolio wrap-->\n\t\t\t\n\t\t\t[divider line_type=&#8220;Small Line&#8220; line_alignment=&#8220;default&#8220; line_thickness=&#8220;1&#8243; divider_color=&#8220;default&#8220; custom_height=&#8220;100&#8243;][vc_column_text]\n<h4 style=\"text-align: left;\"><span class=\"eyebrow\" style=\"color: #b79a5b;\">05<\/span><\/h4>\n[\/vc_column_text][vc_column_text css_animation=&#8220;none&#8220;]\n<h4 style=\"text-align: left;\">HAUPTTISCHE \u2013 BEISTELLTISCHE<\/h4>\n[\/vc_column_text]\t\t\t\t\n\t\t\t\t\n\t\t\t\t\n\t\t\t\t<div class=\"portfolio-wrap \">\n\t\t\t\t\t\n\t\t\t\t\t\t\t\t\t\t\n\t\t\t\t\t<span class=\"portfolio-loading  none\">   <\/span>\n\t\t\t\t\t\n\t\t\t\t\t\t\t\t\t\t\n\t\t\t\t\t<div class=\"row portfolio-items no-masonry  fullwidth-constrained  \" data-rcp=\"false\" data-masonry-type=\"default\" data-ps=\"2\" data-starting-filter=\"\" data-gutter=\"1px\" data-categories-to-show=\"mesas-auxiliares\" data-bypass-cropping=\"true\" data-lightbox-only=\"0\" data-col-num=\"elastic\">\n\t\t\t\t\t\t\t\t\t\t\t\t\n\t\t\t\t\t\t\t\t\t\t\t\t\n\t\t\t\t\t\t<div class=\"col elastic-portfolio-item  element alle beistelltische mitteltisch \"  data-project-cat=\"alle beistelltische mitteltisch \" data-default-color=\"true\" data-title-color=\"\" data-subtitle-color=\"\">\n\t\t\t\t\t\t\t\n\t\t\t\t\t\t\t<div class=\"inner-wrap animated\" data-animation=\"none\">\n\t\t\t\t\t\t\t\t\n\t\t\t\t\t\t\t\t\t\t\t\t\t\t\t\t\t\n\t\t\t\t\t\t\t\t\t<div class=\"work-item style-2\" data-custom-content=\"\">\n\t\t\t\t\t\t\t\t\t\t\n\t\t\t\t\t\t\t\t\t\t<img loading=\"lazy\" decoding=\"async\" class=\"size- skip-lazy\" src=\"https:\/\/adrianescarfullery.com\/wp-content\/uploads\/2026\/07\/FUM-TABLE-PORTADA.jpg\" alt=\"Mesa de centro Fum de roble con tablero de m\u00e1rmol Calacatta blanco.\" height=\"403\" width=\"600\" srcset=\"https:\/\/adrianescarfullery.com\/wp-content\/uploads\/2026\/07\/FUM-TABLE-PORTADA.jpg 1247w, https:\/\/adrianescarfullery.com\/wp-content\/uploads\/2026\/07\/FUM-TABLE-PORTADA-286x300.jpg 286w, https:\/\/adrianescarfullery.com\/wp-content\/uploads\/2026\/07\/FUM-TABLE-PORTADA-977x1024.jpg 977w, https:\/\/adrianescarfullery.com\/wp-content\/uploads\/2026\/07\/FUM-TABLE-PORTADA-768x805.jpg 768w, https:\/\/adrianescarfullery.com\/wp-content\/uploads\/2026\/07\/FUM-TABLE-PORTADA-600x629.jpg 600w\"  \/>\t\t\t\t\t\t\t\t\t\t\n\t\t\t\t\t\t\t\t\t\t<div class=\"work-info-bg\"><\/div>\n\t\t\t\t\t\t\t\t\t\t<div class=\"work-info\">\n\t\t\t\t\t\t\t\t\t\t\t\n\t\t\t\t\t\t\t\t\t\t\t\t\t\t\t\t\t\t\t\t\t\t\t\n\t\t\t\t\t\t\t\t\t\t\t\t\n\t\t\t\t\t\t\t\t\t\t\t\t\t\t\t\t\t\t\t\t\t\t\t\t\t\n\t\t\t\t\t\t\t\t\t\t\t\t\t<a href=\"https:\/\/adrianescarfullery.com\/de\/portfolio\/fum-couchtisch\/\"><\/a>\n\t\t\t\t\t\t\t\t\t\t\t\t\t\n\t\t\t\t\t\t\t\t\t\t\t\t\t\t\t\t\t\t\t\t\t\t\t\n\t\t\t\t\t\t\t\t\t\t\t\n\t\t\t\t\t\t\t\t\t\t\t<div class=\"vert-center\">\n\t\t\t\t\t\t\t\t\t\t\t\t\t\n\t\t\t\t\t\t\t\t\t\t\t\t\t<h3>FUM COUCHTISCH<\/h3> \n\t\t\t\t\t\t\t\t\t\t\t\t\t\t\t\t\t\t\t\t\t\t\t\t<\/div><!--\/vert-center-->\n\t\t\t\t\t\t\t\t\t\t\t\n\t\t\t\t\t\t\t\t\t\t<\/div>\n\t\t\t\t\t\t\t\t\t<\/div><!--work-item-->\n\t\t\t\t\t\t\t\t\t\n\t\t\t\t\t\t\t\t\t\t\t\t\t\t\t\t\n\t\t\t\t\t\t\t\t\n\t\t\t\t\t\t\t<\/div><!--\/inner-wrap-->\n\t\t\t\t\t\t<\/div><!--\/col-->\n\t\t\t\t\t\t\n\t\t\t\t\t\t\t\t\t\t\t\n\t\t\t\t\t\t\t\t\t\t\t\t\n\t\t\t\t\t\t<div class=\"col elastic-portfolio-item  element alle beistelltische mitteltisch \"  data-project-cat=\"alle beistelltische mitteltisch \" data-default-color=\"true\" data-title-color=\"\" data-subtitle-color=\"\">\n\t\t\t\t\t\t\t\n\t\t\t\t\t\t\t<div class=\"inner-wrap animated\" data-animation=\"none\">\n\t\t\t\t\t\t\t\t\n\t\t\t\t\t\t\t\t\t\t\t\t\t\t\t\t\t\n\t\t\t\t\t\t\t\t\t<div class=\"work-item style-2\" data-custom-content=\"\">\n\t\t\t\t\t\t\t\t\t\t\n\t\t\t\t\t\t\t\t\t\t<img loading=\"lazy\" decoding=\"async\" class=\"size- skip-lazy\" src=\"https:\/\/adrianescarfullery.com\/wp-content\/uploads\/2026\/07\/LIBRA-PORTADA.jpg\" alt=\"Conjunto de mesas Libra en madera, m\u00e1rmol verde, travertino, metal y piedra natural.\" height=\"403\" width=\"600\" srcset=\"https:\/\/adrianescarfullery.com\/wp-content\/uploads\/2026\/07\/LIBRA-PORTADA.jpg 1247w, https:\/\/adrianescarfullery.com\/wp-content\/uploads\/2026\/07\/LIBRA-PORTADA-286x300.jpg 286w, https:\/\/adrianescarfullery.com\/wp-content\/uploads\/2026\/07\/LIBRA-PORTADA-977x1024.jpg 977w, https:\/\/adrianescarfullery.com\/wp-content\/uploads\/2026\/07\/LIBRA-PORTADA-768x805.jpg 768w, https:\/\/adrianescarfullery.com\/wp-content\/uploads\/2026\/07\/LIBRA-PORTADA-600x629.jpg 600w\"  \/>\t\t\t\t\t\t\t\t\t\t\n\t\t\t\t\t\t\t\t\t\t<div class=\"work-info-bg\"><\/div>\n\t\t\t\t\t\t\t\t\t\t<div class=\"work-info\">\n\t\t\t\t\t\t\t\t\t\t\t\n\t\t\t\t\t\t\t\t\t\t\t\t\t\t\t\t\t\t\t\t\t\t\t\n\t\t\t\t\t\t\t\t\t\t\t\t\n\t\t\t\t\t\t\t\t\t\t\t\t\t\t\t\t\t\t\t\t\t\t\t\t\t\n\t\t\t\t\t\t\t\t\t\t\t\t\t<a href=\"https:\/\/adrianescarfullery.com\/de\/portfolio\/libra-reihe\/\"><\/a>\n\t\t\t\t\t\t\t\t\t\t\t\t\t\n\t\t\t\t\t\t\t\t\t\t\t\t\t\t\t\t\t\t\t\t\t\t\t\n\t\t\t\t\t\t\t\t\t\t\t\n\t\t\t\t\t\t\t\t\t\t\t<div class=\"vert-center\">\n\t\t\t\t\t\t\t\t\t\t\t\t\t\n\t\t\t\t\t\t\t\t\t\t\t\t\t<h3>LIBRA-REIHE<\/h3> \n\t\t\t\t\t\t\t\t\t\t\t\t\t\t\t\t\t\t\t\t\t\t\t\t<\/div><!--\/vert-center-->\n\t\t\t\t\t\t\t\t\t\t\t\n\t\t\t\t\t\t\t\t\t\t<\/div>\n\t\t\t\t\t\t\t\t\t<\/div><!--work-item-->\n\t\t\t\t\t\t\t\t\t\n\t\t\t\t\t\t\t\t\t\t\t\t\t\t\t\t\n\t\t\t\t\t\t\t\t\n\t\t\t\t\t\t\t<\/div><!--\/inner-wrap-->\n\t\t\t\t\t\t<\/div><!--\/col-->\n\t\t\t\t\t\t\n\t\t\t\t\t\t\t\t\t\t\t\n\t\t\t\t\t\t\t\t\t\t\t\t\n\t\t\t\t\t\t<div class=\"col elastic-portfolio-item  element alle beistelltische mitteltisch \"  data-project-cat=\"alle beistelltische mitteltisch \" data-default-color=\"true\" data-title-color=\"\" data-subtitle-color=\"\">\n\t\t\t\t\t\t\t\n\t\t\t\t\t\t\t<div class=\"inner-wrap animated\" data-animation=\"none\">\n\t\t\t\t\t\t\t\t\n\t\t\t\t\t\t\t\t\t\t\t\t\t\t\t\t\t\n\t\t\t\t\t\t\t\t\t<div class=\"work-item style-2\" data-custom-content=\"\">\n\t\t\t\t\t\t\t\t\t\t\n\t\t\t\t\t\t\t\t\t\t<img loading=\"lazy\" decoding=\"async\" class=\"size- skip-lazy\" src=\"https:\/\/adrianescarfullery.com\/wp-content\/uploads\/2026\/07\/TAMER-COLLEC.jpg\" alt=\"Colecci\u00f3n de mesas de centro Tamer en nogal, m\u00e1rmol marr\u00f3n y m\u00e1rmol verde con bases lacadas.\" height=\"403\" width=\"600\" srcset=\"https:\/\/adrianescarfullery.com\/wp-content\/uploads\/2026\/07\/TAMER-COLLEC.jpg 1247w, https:\/\/adrianescarfullery.com\/wp-content\/uploads\/2026\/07\/TAMER-COLLEC-286x300.jpg 286w, https:\/\/adrianescarfullery.com\/wp-content\/uploads\/2026\/07\/TAMER-COLLEC-977x1024.jpg 977w, https:\/\/adrianescarfullery.com\/wp-content\/uploads\/2026\/07\/TAMER-COLLEC-768x805.jpg 768w, https:\/\/adrianescarfullery.com\/wp-content\/uploads\/2026\/07\/TAMER-COLLEC-600x629.jpg 600w\"  \/>\t\t\t\t\t\t\t\t\t\t\n\t\t\t\t\t\t\t\t\t\t<div class=\"work-info-bg\"><\/div>\n\t\t\t\t\t\t\t\t\t\t<div class=\"work-info\">\n\t\t\t\t\t\t\t\t\t\t\t\n\t\t\t\t\t\t\t\t\t\t\t\t\t\t\t\t\t\t\t\t\t\t\t\n\t\t\t\t\t\t\t\t\t\t\t\t\n\t\t\t\t\t\t\t\t\t\t\t\t\t\t\t\t\t\t\t\t\t\t\t\t\t\n\t\t\t\t\t\t\t\t\t\t\t\t\t<a href=\"https:\/\/adrianescarfullery.com\/de\/portfolio\/tamer-sammlung\/\"><\/a>\n\t\t\t\t\t\t\t\t\t\t\t\t\t\n\t\t\t\t\t\t\t\t\t\t\t\t\t\t\t\t\t\t\t\t\t\t\t\n\t\t\t\t\t\t\t\t\t\t\t\n\t\t\t\t\t\t\t\t\t\t\t<div class=\"vert-center\">\n\t\t\t\t\t\t\t\t\t\t\t\t\t\n\t\t\t\t\t\t\t\t\t\t\t\t\t<h3>TAMER-SAMMLUNG<\/h3> \n\t\t\t\t\t\t\t\t\t\t\t\t\t\t\t\t\t\t\t\t\t\t\t\t<\/div><!--\/vert-center-->\n\t\t\t\t\t\t\t\t\t\t\t\n\t\t\t\t\t\t\t\t\t\t<\/div>\n\t\t\t\t\t\t\t\t\t<\/div><!--work-item-->\n\t\t\t\t\t\t\t\t\t\n\t\t\t\t\t\t\t\t\t\t\t\t\t\t\t\t\n\t\t\t\t\t\t\t\t\n\t\t\t\t\t\t\t<\/div><!--\/inner-wrap-->\n\t\t\t\t\t\t<\/div><!--\/col-->\n\t\t\t\t\t\t\n\t\t\t\t\t\t\t\t\t\t\t\n\t\t\t\t\t\t\t\t\t\t\t\t\n\t\t\t\t\t\t<div class=\"col elastic-portfolio-item  element alle beistelltische mitteltisch \"  data-project-cat=\"alle beistelltische mitteltisch \" data-default-color=\"true\" data-title-color=\"\" data-subtitle-color=\"\">\n\t\t\t\t\t\t\t\n\t\t\t\t\t\t\t<div class=\"inner-wrap animated\" data-animation=\"none\">\n\t\t\t\t\t\t\t\t\n\t\t\t\t\t\t\t\t\t\t\t\t\t\t\t\t\t\n\t\t\t\t\t\t\t\t\t<div class=\"work-item style-2\" data-custom-content=\"\">\n\t\t\t\t\t\t\t\t\t\t\n\t\t\t\t\t\t\t\t\t\t<img loading=\"lazy\" decoding=\"async\" class=\"size- skip-lazy\" src=\"https:\/\/adrianescarfullery.com\/wp-content\/uploads\/2026\/07\/TAMER.jpg\" alt=\"Mesa auxiliar Tamer de columna geom\u00e9trica lacada en marr\u00f3n topo.\" height=\"403\" width=\"600\" srcset=\"https:\/\/adrianescarfullery.com\/wp-content\/uploads\/2026\/07\/TAMER.jpg 1247w, https:\/\/adrianescarfullery.com\/wp-content\/uploads\/2026\/07\/TAMER-286x300.jpg 286w, https:\/\/adrianescarfullery.com\/wp-content\/uploads\/2026\/07\/TAMER-977x1024.jpg 977w, https:\/\/adrianescarfullery.com\/wp-content\/uploads\/2026\/07\/TAMER-768x805.jpg 768w, https:\/\/adrianescarfullery.com\/wp-content\/uploads\/2026\/07\/TAMER-600x629.jpg 600w\"  \/>\t\t\t\t\t\t\t\t\t\t\n\t\t\t\t\t\t\t\t\t\t<div class=\"work-info-bg\"><\/div>\n\t\t\t\t\t\t\t\t\t\t<div class=\"work-info\">\n\t\t\t\t\t\t\t\t\t\t\t\n\t\t\t\t\t\t\t\t\t\t\t\t\t\t\t\t\t\t\t\t\t\t\t\n\t\t\t\t\t\t\t\t\t\t\t\t\n\t\t\t\t\t\t\t\t\t\t\t\t\t\t\t\t\t\t\t\t\t\t\t\t\t\n\t\t\t\t\t\t\t\t\t\t\t\t\t<a href=\"https:\/\/adrianescarfullery.com\/de\/portfolio\/beistelltisch-tamer\/\"><\/a>\n\t\t\t\t\t\t\t\t\t\t\t\t\t\n\t\t\t\t\t\t\t\t\t\t\t\t\t\t\t\t\t\t\t\t\t\t\t\n\t\t\t\t\t\t\t\t\t\t\t\n\t\t\t\t\t\t\t\t\t\t\t<div class=\"vert-center\">\n\t\t\t\t\t\t\t\t\t\t\t\t\t\n\t\t\t\t\t\t\t\t\t\t\t\t\t<h3>BEISTELLTISCH TAMER<\/h3> \n\t\t\t\t\t\t\t\t\t\t\t\t\t\t\t\t\t\t\t\t\t\t\t\t<\/div><!--\/vert-center-->\n\t\t\t\t\t\t\t\t\t\t\t\n\t\t\t\t\t\t\t\t\t\t<\/div>\n\t\t\t\t\t\t\t\t\t<\/div><!--work-item-->\n\t\t\t\t\t\t\t\t\t\n\t\t\t\t\t\t\t\t\t\t\t\t\t\t\t\t\n\t\t\t\t\t\t\t\t\n\t\t\t\t\t\t\t<\/div><!--\/inner-wrap-->\n\t\t\t\t\t\t<\/div><!--\/col-->\n\t\t\t\t\t\t\n\t\t\t\t\t\t\t\t\t\t\t\n\t\t\t\t\t\t\t\t\t\t\t\t\n\t\t\t\t\t\t<div class=\"col elastic-portfolio-item  element alle beistelltische \"  data-project-cat=\"alle beistelltische \" data-default-color=\"true\" data-title-color=\"\" data-subtitle-color=\"\">\n\t\t\t\t\t\t\t\n\t\t\t\t\t\t\t<div class=\"inner-wrap animated\" data-animation=\"none\">\n\t\t\t\t\t\t\t\t\n\t\t\t\t\t\t\t\t\t\t\t\t\t\t\t\t\t\n\t\t\t\t\t\t\t\t\t<div class=\"work-item style-2\" data-custom-content=\"\">\n\t\t\t\t\t\t\t\t\t\t\n\t\t\t\t\t\t\t\t\t\t<img loading=\"lazy\" decoding=\"async\" class=\"size- skip-lazy\" src=\"https:\/\/adrianescarfullery.com\/wp-content\/uploads\/2026\/07\/ERRA-PORTADA.jpg\" alt=\"Silla Erra de nogal con respaldo curvo y asiento de cuerda tejida natural.\" height=\"403\" width=\"600\" srcset=\"https:\/\/adrianescarfullery.com\/wp-content\/uploads\/2026\/07\/ERRA-PORTADA.jpg 1247w, https:\/\/adrianescarfullery.com\/wp-content\/uploads\/2026\/07\/ERRA-PORTADA-286x300.jpg 286w, https:\/\/adrianescarfullery.com\/wp-content\/uploads\/2026\/07\/ERRA-PORTADA-977x1024.jpg 977w, https:\/\/adrianescarfullery.com\/wp-content\/uploads\/2026\/07\/ERRA-PORTADA-768x805.jpg 768w, https:\/\/adrianescarfullery.com\/wp-content\/uploads\/2026\/07\/ERRA-PORTADA-600x629.jpg 600w\"  \/>\t\t\t\t\t\t\t\t\t\t\n\t\t\t\t\t\t\t\t\t\t<div class=\"work-info-bg\"><\/div>\n\t\t\t\t\t\t\t\t\t\t<div class=\"work-info\">\n\t\t\t\t\t\t\t\t\t\t\t\n\t\t\t\t\t\t\t\t\t\t\t\t\t\t\t\t\t\t\t\t\t\t\t\n\t\t\t\t\t\t\t\t\t\t\t\t\n\t\t\t\t\t\t\t\t\t\t\t\t\t\t\t\t\t\t\t\t\t\t\t\t\t\n\t\t\t\t\t\t\t\t\t\t\t\t\t<a href=\"https:\/\/adrianescarfullery.com\/de\/portfolio\/mesa-erra\/\"><\/a>\n\t\t\t\t\t\t\t\t\t\t\t\t\t\n\t\t\t\t\t\t\t\t\t\t\t\t\t\t\t\t\t\t\t\t\t\t\t\n\t\t\t\t\t\t\t\t\t\t\t\n\t\t\t\t\t\t\t\t\t\t\t<div class=\"vert-center\">\n\t\t\t\t\t\t\t\t\t\t\t\t\t\n\t\t\t\t\t\t\t\t\t\t\t\t\t<h3>MESA ERRA<\/h3> \n\t\t\t\t\t\t\t\t\t\t\t\t\t\t\t\t\t\t\t\t\t\t\t\t<\/div><!--\/vert-center-->\n\t\t\t\t\t\t\t\t\t\t\t\n\t\t\t\t\t\t\t\t\t\t<\/div>\n\t\t\t\t\t\t\t\t\t<\/div><!--work-item-->\n\t\t\t\t\t\t\t\t\t\n\t\t\t\t\t\t\t\t\t\t\t\t\t\t\t\t\n\t\t\t\t\t\t\t\t\n\t\t\t\t\t\t\t<\/div><!--\/inner-wrap-->\n\t\t\t\t\t\t<\/div><!--\/col-->\n\t\t\t\t\t\t\n\t\t\t\t\t\t\t\t\t\t\t\n\t\t\t\t\t\t\t\t\t\t\t\t\n\t\t\t\t\t\t<div class=\"col elastic-portfolio-item  element alle beistelltische \"  data-project-cat=\"alle beistelltische \" data-default-color=\"true\" data-title-color=\"\" data-subtitle-color=\"\">\n\t\t\t\t\t\t\t\n\t\t\t\t\t\t\t<div class=\"inner-wrap animated\" data-animation=\"none\">\n\t\t\t\t\t\t\t\t\n\t\t\t\t\t\t\t\t\t\t\t\t\t\t\t\t\t\n\t\t\t\t\t\t\t\t\t<div class=\"work-item style-2\" data-custom-content=\"\">\n\t\t\t\t\t\t\t\t\t\t\n\t\t\t\t\t\t\t\t\t\t<img loading=\"lazy\" decoding=\"async\" class=\"size- skip-lazy\" src=\"https:\/\/adrianescarfullery.com\/wp-content\/uploads\/2026\/07\/LABOARO-PORTADA.jpg\" alt=\"Pieza escult\u00f3rica Laboro de nogal macizo con forma geom\u00e9trica facetada.\" height=\"403\" width=\"600\" srcset=\"https:\/\/adrianescarfullery.com\/wp-content\/uploads\/2026\/07\/LABOARO-PORTADA.jpg 1247w, https:\/\/adrianescarfullery.com\/wp-content\/uploads\/2026\/07\/LABOARO-PORTADA-286x300.jpg 286w, https:\/\/adrianescarfullery.com\/wp-content\/uploads\/2026\/07\/LABOARO-PORTADA-977x1024.jpg 977w, https:\/\/adrianescarfullery.com\/wp-content\/uploads\/2026\/07\/LABOARO-PORTADA-768x805.jpg 768w, https:\/\/adrianescarfullery.com\/wp-content\/uploads\/2026\/07\/LABOARO-PORTADA-600x629.jpg 600w\"  \/>\t\t\t\t\t\t\t\t\t\t\n\t\t\t\t\t\t\t\t\t\t<div class=\"work-info-bg\"><\/div>\n\t\t\t\t\t\t\t\t\t\t<div class=\"work-info\">\n\t\t\t\t\t\t\t\t\t\t\t\n\t\t\t\t\t\t\t\t\t\t\t\t\t\t\t\t\t\t\t\t\t\t\t\n\t\t\t\t\t\t\t\t\t\t\t\t\n\t\t\t\t\t\t\t\t\t\t\t\t\t\t\t\t\t\t\t\t\t\t\t\t\t\n\t\t\t\t\t\t\t\t\t\t\t\t\t<a href=\"https:\/\/adrianescarfullery.com\/de\/portfolio\/mesa-laboro\/\"><\/a>\n\t\t\t\t\t\t\t\t\t\t\t\t\t\n\t\t\t\t\t\t\t\t\t\t\t\t\t\t\t\t\t\t\t\t\t\t\t\n\t\t\t\t\t\t\t\t\t\t\t\n\t\t\t\t\t\t\t\t\t\t\t<div class=\"vert-center\">\n\t\t\t\t\t\t\t\t\t\t\t\t\t\n\t\t\t\t\t\t\t\t\t\t\t\t\t<h3>MESA LABORO<\/h3> \n\t\t\t\t\t\t\t\t\t\t\t\t\t\t\t\t\t\t\t\t\t\t\t\t<\/div><!--\/vert-center-->\n\t\t\t\t\t\t\t\t\t\t\t\n\t\t\t\t\t\t\t\t\t\t<\/div>\n\t\t\t\t\t\t\t\t\t<\/div><!--work-item-->\n\t\t\t\t\t\t\t\t\t\n\t\t\t\t\t\t\t\t\t\t\t\t\t\t\t\t\n\t\t\t\t\t\t\t\t\n\t\t\t\t\t\t\t<\/div><!--\/inner-wrap-->\n\t\t\t\t\t\t<\/div><!--\/col-->\n\t\t\t\t\t\t\n\t\t\t\t\t\t\t\t\t\t\n\t\t\t\t<\/div><!--\/portfolio-->\n\t\t\t<\/div><!--\/portfolio wrap-->\n\t\t\t\n\t\t\t[divider line_type=&#8220;Small Line&#8220; line_alignment=&#8220;default&#8220; line_thickness=&#8220;1&#8243; divider_color=&#8220;default&#8220; custom_height=&#8220;100&#8243;][vc_column_text]\n<h4 style=\"text-align: left;\"><span class=\"eyebrow\" style=\"color: #b79a5b;\">06<\/span><\/h4>\n[\/vc_column_text][vc_column_text css_animation=&#8220;none&#8220;]\n<h4 style=\"text-align: left;\">REGAL \u2013 KONSOLE<\/h4>\n[\/vc_column_text]\t\t\t\t\n\t\t\t\t\n\t\t\t\t\n\t\t\t\t<div class=\"portfolio-wrap \">\n\t\t\t\t\t\n\t\t\t\t\t\t\t\t\t\t\n\t\t\t\t\t<span class=\"portfolio-loading  none\">   <\/span>\n\t\t\t\t\t\n\t\t\t\t\t\t\t\t\t\t\n\t\t\t\t\t<div class=\"row portfolio-items no-masonry  fullwidth-constrained  \" data-rcp=\"false\" data-masonry-type=\"default\" data-ps=\"2\" data-starting-filter=\"\" data-gutter=\"1px\" data-categories-to-show=\"consola\" data-bypass-cropping=\"true\" data-lightbox-only=\"0\" data-col-num=\"elastic\">\n\t\t\t\t\t\t\t\t\t\t\t\t\n\t\t\t\t\t\t\t\t\t\t\t\t\n\t\t\t\t\t\t<div class=\"col elastic-portfolio-item  element alle konsole regal \"  data-project-cat=\"alle konsole regal \" data-default-color=\"true\" data-title-color=\"\" data-subtitle-color=\"\">\n\t\t\t\t\t\t\t\n\t\t\t\t\t\t\t<div class=\"inner-wrap animated\" data-animation=\"none\">\n\t\t\t\t\t\t\t\t\n\t\t\t\t\t\t\t\t\t\t\t\t\t\t\t\t\t\n\t\t\t\t\t\t\t\t\t<div class=\"work-item style-2\" data-custom-content=\"\">\n\t\t\t\t\t\t\t\t\t\t\n\t\t\t\t\t\t\t\t\t\t<img loading=\"lazy\" decoding=\"async\" class=\"size- skip-lazy\" src=\"https:\/\/adrianescarfullery.com\/wp-content\/uploads\/2026\/07\/EVELYN-PORTADA.jpg\" alt=\"Estanter\u00eda modular Evelyn de nogal con paneles y puertas en marr\u00f3n, con libros y objetos.\" height=\"403\" width=\"600\" srcset=\"https:\/\/adrianescarfullery.com\/wp-content\/uploads\/2026\/07\/EVELYN-PORTADA.jpg 1247w, https:\/\/adrianescarfullery.com\/wp-content\/uploads\/2026\/07\/EVELYN-PORTADA-286x300.jpg 286w, https:\/\/adrianescarfullery.com\/wp-content\/uploads\/2026\/07\/EVELYN-PORTADA-977x1024.jpg 977w, https:\/\/adrianescarfullery.com\/wp-content\/uploads\/2026\/07\/EVELYN-PORTADA-768x805.jpg 768w, https:\/\/adrianescarfullery.com\/wp-content\/uploads\/2026\/07\/EVELYN-PORTADA-600x629.jpg 600w\"  \/>\t\t\t\t\t\t\t\t\t\t\n\t\t\t\t\t\t\t\t\t\t<div class=\"work-info-bg\"><\/div>\n\t\t\t\t\t\t\t\t\t\t<div class=\"work-info\">\n\t\t\t\t\t\t\t\t\t\t\t\n\t\t\t\t\t\t\t\t\t\t\t\t\t\t\t\t\t\t\t\t\t\t\t\n\t\t\t\t\t\t\t\t\t\t\t\t\n\t\t\t\t\t\t\t\t\t\t\t\t\t\t\t\t\t\t\t\t\t\t\t\t\t\n\t\t\t\t\t\t\t\t\t\t\t\t\t<a href=\"https:\/\/adrianescarfullery.com\/de\/portfolio\/regal-evelyn\/\"><\/a>\n\t\t\t\t\t\t\t\t\t\t\t\t\t\n\t\t\t\t\t\t\t\t\t\t\t\t\t\t\t\t\t\t\t\t\t\t\t\n\t\t\t\t\t\t\t\t\t\t\t\n\t\t\t\t\t\t\t\t\t\t\t<div class=\"vert-center\">\n\t\t\t\t\t\t\t\t\t\t\t\t\t\n\t\t\t\t\t\t\t\t\t\t\t\t\t<h3>REGAL \u201eEVELYN\u201c<\/h3> \n\t\t\t\t\t\t\t\t\t\t\t\t\t\t\t\t\t\t\t\t\t\t\t\t<\/div><!--\/vert-center-->\n\t\t\t\t\t\t\t\t\t\t\t\n\t\t\t\t\t\t\t\t\t\t<\/div>\n\t\t\t\t\t\t\t\t\t<\/div><!--work-item-->\n\t\t\t\t\t\t\t\t\t\n\t\t\t\t\t\t\t\t\t\t\t\t\t\t\t\t\n\t\t\t\t\t\t\t\t\n\t\t\t\t\t\t\t<\/div><!--\/inner-wrap-->\n\t\t\t\t\t\t<\/div><!--\/col-->\n\t\t\t\t\t\t\n\t\t\t\t\t\t\t\t\t\t\n\t\t\t\t<\/div><!--\/portfolio-->\n\t\t\t<\/div><!--\/portfolio wrap-->\n\t\t\t\n\t\t\t[divider line_type=&#8220;Small Line&#8220; line_alignment=&#8220;default&#8220; line_thickness=&#8220;1&#8243; divider_color=&#8220;default&#8220; custom_height=&#8220;100&#8243;][vc_column_text]\n<h4 style=\"text-align: left;\"><span class=\"eyebrow\" style=\"color: #b79a5b;\">07<\/span><\/h4>\n[\/vc_column_text][vc_column_text css_animation=&#8220;none&#8220;]\n<h4 style=\"text-align: left;\">LAMPEN<\/h4>\n[\/vc_column_text]\t\t\t\t\n\t\t\t\t\n\t\t\t\t\n\t\t\t\t<div class=\"portfolio-wrap \">\n\t\t\t\t\t\n\t\t\t\t\t\t\t\t\t\t\n\t\t\t\t\t<span class=\"portfolio-loading  none\">   <\/span>\n\t\t\t\t\t\n\t\t\t\t\t\t\t\t\t\t\n\t\t\t\t\t<div class=\"row portfolio-items no-masonry  fullwidth-constrained  \" data-rcp=\"false\" data-masonry-type=\"default\" data-ps=\"2\" data-starting-filter=\"\" data-gutter=\"1px\" data-categories-to-show=\"lamparas\" data-bypass-cropping=\"true\" data-lightbox-only=\"0\" data-col-num=\"elastic\">\n\t\t\t\t\t\t\t\t\t\t\t\t\n\t\t\t\t\t\t\t\t\t\t\t\t\n\t\t\t\t\t\t<div class=\"col elastic-portfolio-item  element lampen \"  data-project-cat=\"lampen \" data-default-color=\"true\" data-title-color=\"\" data-subtitle-color=\"\">\n\t\t\t\t\t\t\t\n\t\t\t\t\t\t\t<div class=\"inner-wrap animated\" data-animation=\"none\">\n\t\t\t\t\t\t\t\t\n\t\t\t\t\t\t\t\t\t\t\t\t\t\t\t\t\t\n\t\t\t\t\t\t\t\t\t<div class=\"work-item style-2\" data-custom-content=\"\">\n\t\t\t\t\t\t\t\t\t\t\n\t\t\t\t\t\t\t\t\t\t<img loading=\"lazy\" decoding=\"async\" class=\"size- skip-lazy\" src=\"https:\/\/adrianescarfullery.com\/wp-content\/uploads\/2026\/07\/MOULIN-NOIR-PORTADA.jpg\" alt=\"\" height=\"403\" width=\"600\" srcset=\"https:\/\/adrianescarfullery.com\/wp-content\/uploads\/2026\/07\/MOULIN-NOIR-PORTADA.jpg 1247w, https:\/\/adrianescarfullery.com\/wp-content\/uploads\/2026\/07\/MOULIN-NOIR-PORTADA-286x300.jpg 286w, https:\/\/adrianescarfullery.com\/wp-content\/uploads\/2026\/07\/MOULIN-NOIR-PORTADA-977x1024.jpg 977w, https:\/\/adrianescarfullery.com\/wp-content\/uploads\/2026\/07\/MOULIN-NOIR-PORTADA-768x805.jpg 768w, https:\/\/adrianescarfullery.com\/wp-content\/uploads\/2026\/07\/MOULIN-NOIR-PORTADA-600x629.jpg 600w\"  \/>\t\t\t\t\t\t\t\t\t\t\n\t\t\t\t\t\t\t\t\t\t<div class=\"work-info-bg\"><\/div>\n\t\t\t\t\t\t\t\t\t\t<div class=\"work-info\">\n\t\t\t\t\t\t\t\t\t\t\t\n\t\t\t\t\t\t\t\t\t\t\t\t\t\t\t\t\t\t\t\t\t\t\t\n\t\t\t\t\t\t\t\t\t\t\t\t\n\t\t\t\t\t\t\t\t\t\t\t\t\t\t\t\t\t\t\t\t\t\t\t\t\t\n\t\t\t\t\t\t\t\t\t\t\t\t\t<a href=\"https:\/\/adrianescarfullery.com\/de\/portfolio\/lampe-moulin-noir\/\"><\/a>\n\t\t\t\t\t\t\t\t\t\t\t\t\t\n\t\t\t\t\t\t\t\t\t\t\t\t\t\t\t\t\t\t\t\t\t\t\t\n\t\t\t\t\t\t\t\t\t\t\t\n\t\t\t\t\t\t\t\t\t\t\t<div class=\"vert-center\">\n\t\t\t\t\t\t\t\t\t\t\t\t\t\n\t\t\t\t\t\t\t\t\t\t\t\t\t<h3>LAMPE \u201eMOULIN NOIR\u201c<\/h3> \n\t\t\t\t\t\t\t\t\t\t\t\t\t\t\t\t\t\t\t\t\t\t\t\t<\/div><!--\/vert-center-->\n\t\t\t\t\t\t\t\t\t\t\t\n\t\t\t\t\t\t\t\t\t\t<\/div>\n\t\t\t\t\t\t\t\t\t<\/div><!--work-item-->\n\t\t\t\t\t\t\t\t\t\n\t\t\t\t\t\t\t\t\t\t\t\t\t\t\t\t\n\t\t\t\t\t\t\t\t\n\t\t\t\t\t\t\t<\/div><!--\/inner-wrap-->\n\t\t\t\t\t\t<\/div><!--\/col-->\n\t\t\t\t\t\t\n\t\t\t\t\t\t\t\t\t\t\t\n\t\t\t\t\t\t\t\t\t\t\t\t\n\t\t\t\t\t\t<div class=\"col elastic-portfolio-item  element alle lampen \"  data-project-cat=\"alle lampen \" data-default-color=\"true\" data-title-color=\"\" data-subtitle-color=\"\">\n\t\t\t\t\t\t\t\n\t\t\t\t\t\t\t<div class=\"inner-wrap animated\" data-animation=\"none\">\n\t\t\t\t\t\t\t\t\n\t\t\t\t\t\t\t\t\t\t\t\t\t\t\t\t\t\n\t\t\t\t\t\t\t\t\t<div class=\"work-item style-2\" data-custom-content=\"\">\n\t\t\t\t\t\t\t\t\t\t\n\t\t\t\t\t\t\t\t\t\t<img loading=\"lazy\" decoding=\"async\" class=\"size- skip-lazy\" src=\"https:\/\/adrianescarfullery.com\/wp-content\/uploads\/2026\/07\/MOULIN-ROUGE.jpg\" alt=\"L\u00e1mpara de mesa Moulin Rouge de cuero natural cosido a mano con pantalla inclinada.\" height=\"403\" width=\"600\" srcset=\"https:\/\/adrianescarfullery.com\/wp-content\/uploads\/2026\/07\/MOULIN-ROUGE.jpg 1247w, https:\/\/adrianescarfullery.com\/wp-content\/uploads\/2026\/07\/MOULIN-ROUGE-286x300.jpg 286w, https:\/\/adrianescarfullery.com\/wp-content\/uploads\/2026\/07\/MOULIN-ROUGE-977x1024.jpg 977w, https:\/\/adrianescarfullery.com\/wp-content\/uploads\/2026\/07\/MOULIN-ROUGE-768x805.jpg 768w, https:\/\/adrianescarfullery.com\/wp-content\/uploads\/2026\/07\/MOULIN-ROUGE-600x629.jpg 600w\"  \/>\t\t\t\t\t\t\t\t\t\t\n\t\t\t\t\t\t\t\t\t\t<div class=\"work-info-bg\"><\/div>\n\t\t\t\t\t\t\t\t\t\t<div class=\"work-info\">\n\t\t\t\t\t\t\t\t\t\t\t\n\t\t\t\t\t\t\t\t\t\t\t\t\t\t\t\t\t\t\t\t\t\t\t\n\t\t\t\t\t\t\t\t\t\t\t\t\n\t\t\t\t\t\t\t\t\t\t\t\t\t\t\t\t\t\t\t\t\t\t\t\t\t\n\t\t\t\t\t\t\t\t\t\t\t\t\t<a href=\"https:\/\/adrianescarfullery.com\/de\/portfolio\/moulin-rouge\/\"><\/a>\n\t\t\t\t\t\t\t\t\t\t\t\t\t\n\t\t\t\t\t\t\t\t\t\t\t\t\t\t\t\t\t\t\t\t\t\t\t\n\t\t\t\t\t\t\t\t\t\t\t\n\t\t\t\t\t\t\t\t\t\t\t<div class=\"vert-center\">\n\t\t\t\t\t\t\t\t\t\t\t\t\t\n\t\t\t\t\t\t\t\t\t\t\t\t\t<h3>MOULIN ROUGE<\/h3> \n\t\t\t\t\t\t\t\t\t\t\t\t\t\t\t\t\t\t\t\t\t\t\t\t<\/div><!--\/vert-center-->\n\t\t\t\t\t\t\t\t\t\t\t\n\t\t\t\t\t\t\t\t\t\t<\/div>\n\t\t\t\t\t\t\t\t\t<\/div><!--work-item-->\n\t\t\t\t\t\t\t\t\t\n\t\t\t\t\t\t\t\t\t\t\t\t\t\t\t\t\n\t\t\t\t\t\t\t\t\n\t\t\t\t\t\t\t<\/div><!--\/inner-wrap-->\n\t\t\t\t\t\t<\/div><!--\/col-->\n\t\t\t\t\t\t\n\t\t\t\t\t\t\t\t\t\t\n\t\t\t\t<\/div><!--\/portfolio-->\n\t\t\t<\/div><!--\/portfolio wrap-->\n\t\t\t\n\t\t\t[divider line_type=&#8220;No Line&#8220;][\/vc_column][\/vc_row][vc_row type=&#8220;full_width_content&#8220; full_screen_row_position=&#8220;middle&#8220; column_margin=&#8220;default&#8220; column_direction=&#8220;default&#8220; column_direction_tablet=&#8220;default&#8220; column_direction_phone=&#8220;default&#8220; bg_color=&#8220;#254345&#8243; scene_position=&#8220;center&#8220; text_color=&#8220;dark&#8220; text_align=&#8220;left&#8220; row_border_radius=&#8220;none&#8220; row_border_radius_applies=&#8220;bg&#8220; overflow=&#8220;visible&#8220; overlay_strength=&#8220;0.3&#8243; gradient_direction=&#8220;left_to_right&#8220; shape_divider_position=&#8220;bottom&#8220; bg_image_animation=&#8220;none&#8220; gradient_type=&#8220;default&#8220; shape_type=&#8220;&#8220;][vc_column column_padding=&#8220;no-extra-padding&#8220; column_padding_tablet=&#8220;inherit&#8220; column_padding_phone=&#8220;inherit&#8220; column_padding_position=&#8220;all&#8220; column_element_direction_desktop=&#8220;default&#8220; column_element_spacing=&#8220;default&#8220; desktop_text_alignment=&#8220;default&#8220; tablet_text_alignment=&#8220;default&#8220; phone_text_alignment=&#8220;default&#8220; background_color_opacity=&#8220;1&#8243; background_hover_color_opacity=&#8220;1&#8243; column_backdrop_filter=&#8220;none&#8220; column_shadow=&#8220;none&#8220; column_border_radius=&#8220;none&#8220; column_link_target=&#8220;_self&#8220; column_position=&#8220;default&#8220; gradient_direction=&#8220;left_to_right&#8220; overlay_strength=&#8220;0.3&#8243; width=&#8220;1\/1&#8243; tablet_width_inherit=&#8220;default&#8220; animation_type=&#8220;default&#8220; bg_image_animation=&#8220;none&#8220; border_type=&#8220;simple&#8220; column_border_width=&#8220;none&#8220; column_border_style=&#8220;solid&#8220; column_padding_type=&#8220;default&#8220; gradient_type=&#8220;default&#8220;][divider line_type=&#8220;No Line&#8220; custom_height_phone=&#8220;75&#8243;][divider line_type=&#8220;No Line&#8220; custom_height_phone=&#8220;75&#8243;][divider line_type=&#8220;No Line&#8220; custom_height_phone=&#8220;75&#8243;][divider line_type=&#8220;No Line&#8220; custom_height_phone=&#8220;75&#8243;][divider line_type=&#8220;No Line&#8220; custom_height_phone=&#8220;75&#8243;][vc_column_text]\n<h4 style=\"text-align: center;\"><span style=\"color: #b79a5b;\">Sch\u00f6nheit schaffen mit Leidenschaft und Tradition<\/span><\/h4>\n[\/vc_column_text][divider line_type=&#8220;No Line&#8220; custom_height_phone=&#8220;75&#8243;][divider line_type=&#8220;No Line&#8220; custom_height_phone=&#8220;75&#8243;][divider line_type=&#8220;No Line&#8220; custom_height_phone=&#8220;75&#8243;][divider line_type=&#8220;No Line&#8220; custom_height_phone=&#8220;75&#8243;][divider line_type=&#8220;No Line&#8220; custom_height_phone=&#8220;75&#8243;][\/vc_column][\/vc_row]\n","protected":false},"excerpt":{"rendered":"<p>[vc_row type=&#8220;full_width_content&#8220; full_screen_row_position=&#8220;middle&#8220; column_margin=&#8220;default&#8220; equal_height=&#8220;yes&#8220; content_placement=&#8220;top&#8220; column_direction=&#8220;default&#8220; column_direction_tablet=&#8220;default&#8220; column_direction_phone=&#8220;default&#8220; scene_position=&#8220;center&#8220; text_color=&#8220;dark&#8220; text_align=&#8220;left&#8220; row_border_radius=&#8220;none&#8220; row_border_radius_applies=&#8220;bg&#8220; overflow=&#8220;visible&#8220; overlay_strength=&#8220;0.3&#8243; gradient_direction=&#8220;left_to_right&#8220; shape_divider_position=&#8220;bottom&#8220; bg_image_animation=&#8220;none&#8220; gradient_type=&#8220;default&#8220; shape_type=&#8220;&#8220;][vc_column column_padding=&#8220;padding-5-percent&#8220; column_padding_tablet=&#8220;inherit&#8220; column_padding_phone=&#8220;inherit&#8220; column_padding_position=&#8220;all&#8220; column_element_direction_desktop=&#8220;default&#8220; column_element_spacing=&#8220;default&#8220; desktop_text_alignment=&#8220;default&#8220; tablet_text_alignment=&#8220;default&#8220; phone_text_alignment=&#8220;default&#8220;&#8230;<\/p>\n","protected":false},"author":1,"featured_media":0,"parent":0,"menu_order":0,"comment_status":"closed","ping_status":"closed","template":"","meta":{"om_disable_all_campaigns":false,"_monsterinsights_skip_tracking":false,"footnotes":"","_links_to":"","_links_to_target":""},"class_list":["post-6150","page","type-page","status-publish"],"jetpack_sharing_enabled":true,"_links":{"self":[{"href":"https:\/\/adrianescarfullery.com\/de\/wp-json\/wp\/v2\/pages\/6150","targetHints":{"allow":["GET"]}}],"collection":[{"href":"https:\/\/adrianescarfullery.com\/de\/wp-json\/wp\/v2\/pages"}],"about":[{"href":"https:\/\/adrianescarfullery.com\/de\/wp-json\/wp\/v2\/types\/page"}],"author":[{"embeddable":true,"href":"https:\/\/adrianescarfullery.com\/de\/wp-json\/wp\/v2\/users\/1"}],"replies":[{"embeddable":true,"href":"https:\/\/adrianescarfullery.com\/de\/wp-json\/wp\/v2\/comments?post=6150"}],"version-history":[{"count":2,"href":"https:\/\/adrianescarfullery.com\/de\/wp-json\/wp\/v2\/pages\/6150\/revisions"}],"predecessor-version":[{"id":6188,"href":"https:\/\/adrianescarfullery.com\/de\/wp-json\/wp\/v2\/pages\/6150\/revisions\/6188"}],"wp:attachment":[{"href":"https:\/\/adrianescarfullery.com\/de\/wp-json\/wp\/v2\/media?parent=6150"}],"curies":[{"name":"wp","href":"https:\/\/api.w.org\/{rel}","templated":true}]}}